{"id":4810,"date":"2025-01-09T22:44:19","date_gmt":"2025-01-09T22:44:19","guid":{"rendered":"https:\/\/camarapocinhos.pb.gov.br\/site\/?page_id=4810"},"modified":"2025-12-12T11:02:14","modified_gmt":"2025-12-12T14:02:14","slug":"memel-chaves","status":"publish","type":"page","link":"https:\/\/camarapocinhos.pb.gov.br\/site\/memel-chaves\/","title":{"rendered":"Memel Chaves"},"content":{"rendered":"\t\t<div data-elementor-type=\"wp-page\" data-elementor-id=\"4810\" class=\"elementor elementor-4810\">\n\t\t\t\t<div class=\"elementor-element elementor-element-72e953c e-flex e-con-boxed e-con e-parent\" data-id=\"72e953c\" data-element_type=\"container\" data-core-v316-plus=\"true\">\n\t\t\t\t\t<div class=\"e-con-inner\">\n\t\t<div class=\"elementor-element elementor-element-84281a7 e-con-full e-flex e-con e-child\" data-id=\"84281a7\" data-element_type=\"container\">\n\t\t\r\n\t\t<div class=\"elementor-element elementor-element-3086988 elementor-widget elementor-widget-image\" data-id=\"3086988\" data-element_type=\"widget\" data-widget_type=\"image.default\">\n\t\t\t\t<div class=\"elementor-widget-container\">\n\t\t\t<style>\/*! elementor - v3.20.0 - 26-03-2024 *\/\n.elementor-widget-image{text-align:center}.elementor-widget-image a{display:inline-block}.elementor-widget-image a img[src$=\".svg\"]{width:48px}.elementor-widget-image img{vertical-align:middle;display:inline-block}<\/style>\t\t\t\t\t\t\t\t\t\t<img decoding=\"async\" width=\"161\" height=\"225\" src=\"https:\/\/camarapocinhos.pb.gov.br\/site\/wp-content\/uploads\/2025\/01\/foto-5.jpg\" class=\"attachment-large size-large wp-image-4812\" alt=\"\" \/>\t\t\t\t\t\t\t\t\t\t\t\t\t<\/div>\n\t\t\t\t<\/div>\n\t\t\t\t<\/div>\n\t\t<div class=\"elementor-element elementor-element-a91b3ab e-con-full e-flex e-con e-child\" data-id=\"a91b3ab\" data-element_type=\"container\">\n\t\t\t\t<div class=\"elementor-element elementor-element-8d99402 elementor-widget elementor-widget-heading\" data-id=\"8d99402\" data-element_type=\"widget\" data-widget_type=\"heading.default\">\n\t\t\t\t<div class=\"elementor-widget-container\">\n\t\t\t<style>\/*! elementor - v3.20.0 - 26-03-2024 *\/\n.elementor-heading-title{padding:0;margin:0;line-height:1}.elementor-widget-heading .elementor-heading-title[class*=elementor-size-]>a{color:inherit;font-size:inherit;line-height:inherit}.elementor-widget-heading .elementor-heading-title.elementor-size-small{font-size:15px}.elementor-widget-heading .elementor-heading-title.elementor-size-medium{font-size:19px}.elementor-widget-heading .elementor-heading-title.elementor-size-large{font-size:29px}.elementor-widget-heading .elementor-heading-title.elementor-size-xl{font-size:39px}.elementor-widget-heading .elementor-heading-title.elementor-size-xxl{font-size:59px}<\/style><h2 class=\"elementor-heading-title elementor-size-default\">Ramatis Chaves Costa<\/h2>\t\t<\/div>\n\t\t\t\t<\/div>\n\t\t\t\t<div class=\"elementor-element elementor-element-1891090 elementor-widget elementor-widget-text-editor\" data-id=\"1891090\" data-element_type=\"widget\" data-widget_type=\"text-editor.default\">\n\t\t\t\t<div class=\"elementor-widget-container\">\n\t\t\t<style>\/*! elementor - v3.20.0 - 26-03-2024 *\/\n.elementor-widget-text-editor.elementor-drop-cap-view-stacked .elementor-drop-cap{background-color:#69727d;color:#fff}.elementor-widget-text-editor.elementor-drop-cap-view-framed .elementor-drop-cap{color:#69727d;border:3px solid;background-color:transparent}.elementor-widget-text-editor:not(.elementor-drop-cap-view-default) .elementor-drop-cap{margin-top:8px}.elementor-widget-text-editor:not(.elementor-drop-cap-view-default) .elementor-drop-cap-letter{width:1em;height:1em}.elementor-widget-text-editor .elementor-drop-cap{float:left;text-align:center;line-height:1;font-size:50px}.elementor-widget-text-editor .elementor-drop-cap-letter{display:inline-block}<\/style>\t\t\t\t<p>Filho de Cl\u00f3vis Chaves e Celina Apolin\u00e1rio, irm\u00e3o do ex-vereador Cl\u00f3vis Chaves Filho e do ex-prefeito Cl\u00e1udio Chaves, com mais seis irm\u00e3os, totalizando nove na fam\u00edlia. Casado com Joanita Paulino, \u00e9 pai de dois filhos e reside em Pocinhos. Iniciou sua trajet\u00f3ria pol\u00edtica no gr\u00eamio estudantil da Escola Municipal Padre Galv\u00e3o, onde foi presidente. Entrou na pol\u00edtica municipal em 2012 e, em 2024, conquistou seu quarto mandato consecutivo no legislativo de Pocinhos. \u00c9 um homem temente a Deus, comprometido com os princ\u00edpios e o legado de seus pais.<\/p><p>\u00a0<\/p><p>Partido Atual: PSDB<br \/>Data de Nascimento: 03\/02\/1974<br \/>Naturalidade: Pocinhos \u2013 PB<br \/>Grau de Instru\u00e7\u00e3o: ENSINO M\u00c9DIO COMPLETO<\/p>\t\t\t\t\t\t<\/div>\n\t\t\t\t<\/div>\n\t\t\t\t<div class=\"elementor-element elementor-element-81d73b1 elementor-tabs-view-horizontal elementor-widget elementor-widget-tabs\" data-id=\"81d73b1\" data-element_type=\"widget\" data-widget_type=\"tabs.default\">\n\t\t\t\t<div class=\"elementor-widget-container\">\n\t\t\t<style>\/*! elementor - v3.20.0 - 26-03-2024 *\/\n.elementor-widget-tabs.elementor-tabs-view-vertical .elementor-tabs-wrapper{width:25%;flex-shrink:0}.elementor-widget-tabs.elementor-tabs-view-vertical .elementor-tab-desktop-title.elementor-active{border-right-style:none}.elementor-widget-tabs.elementor-tabs-view-vertical .elementor-tab-desktop-title.elementor-active:after,.elementor-widget-tabs.elementor-tabs-view-vertical .elementor-tab-desktop-title.elementor-active:before{height:999em;width:0;right:0;border-right-style:solid}.elementor-widget-tabs.elementor-tabs-view-vertical .elementor-tab-desktop-title.elementor-active:before{top:0;transform:translateY(-100%)}.elementor-widget-tabs.elementor-tabs-view-vertical .elementor-tab-desktop-title.elementor-active:after{top:100%}.elementor-widget-tabs.elementor-tabs-view-horizontal .elementor-tab-desktop-title{display:table-cell}.elementor-widget-tabs.elementor-tabs-view-horizontal .elementor-tab-desktop-title.elementor-active{border-bottom-style:none}.elementor-widget-tabs.elementor-tabs-view-horizontal .elementor-tab-desktop-title.elementor-active:after,.elementor-widget-tabs.elementor-tabs-view-horizontal .elementor-tab-desktop-title.elementor-active:before{bottom:0;height:0;width:999em;border-bottom-style:solid}.elementor-widget-tabs.elementor-tabs-view-horizontal .elementor-tab-desktop-title.elementor-active:before{right:100%}.elementor-widget-tabs.elementor-tabs-view-horizontal .elementor-tab-desktop-title.elementor-active:after{left:100%}.elementor-widget-tabs .elementor-tab-content,.elementor-widget-tabs .elementor-tab-title,.elementor-widget-tabs .elementor-tab-title:after,.elementor-widget-tabs .elementor-tab-title:before,.elementor-widget-tabs .elementor-tabs-content-wrapper{border:1px #d5d8dc}.elementor-widget-tabs .elementor-tabs{text-align:left}.elementor-widget-tabs .elementor-tabs-wrapper{overflow:hidden}.elementor-widget-tabs .elementor-tab-title{cursor:pointer;outline:var(--focus-outline,none)}.elementor-widget-tabs .elementor-tab-desktop-title{position:relative;padding:20px 25px;font-weight:700;line-height:1;border:solid transparent}.elementor-widget-tabs .elementor-tab-desktop-title.elementor-active{border-color:#d5d8dc}.elementor-widget-tabs .elementor-tab-desktop-title.elementor-active:after,.elementor-widget-tabs .elementor-tab-desktop-title.elementor-active:before{display:block;content:\"\";position:absolute}.elementor-widget-tabs .elementor-tab-desktop-title:focus-visible{border:1px solid #000}.elementor-widget-tabs .elementor-tab-mobile-title{padding:10px;cursor:pointer}.elementor-widget-tabs .elementor-tab-content{padding:20px;display:none}@media (max-width:767px){.elementor-tabs .elementor-tab-content,.elementor-tabs .elementor-tab-title{border-style:solid solid none}.elementor-tabs .elementor-tabs-wrapper{display:none}.elementor-tabs .elementor-tabs-content-wrapper{border-bottom-style:solid}.elementor-tabs .elementor-tab-content{padding:10px}}@media (min-width:768px){.elementor-widget-tabs.elementor-tabs-view-vertical .elementor-tabs{display:flex}.elementor-widget-tabs.elementor-tabs-view-vertical .elementor-tabs-wrapper{flex-direction:column}.elementor-widget-tabs.elementor-tabs-view-vertical .elementor-tabs-content-wrapper{flex-grow:1;border-style:solid solid solid none}.elementor-widget-tabs.elementor-tabs-view-horizontal .elementor-tab-content{border-style:none solid solid}.elementor-widget-tabs.elementor-tabs-alignment-center .elementor-tabs-wrapper,.elementor-widget-tabs.elementor-tabs-alignment-end .elementor-tabs-wrapper,.elementor-widget-tabs.elementor-tabs-alignment-stretch .elementor-tabs-wrapper{display:flex}.elementor-widget-tabs.elementor-tabs-alignment-center .elementor-tabs-wrapper{justify-content:center}.elementor-widget-tabs.elementor-tabs-alignment-end .elementor-tabs-wrapper{justify-content:flex-end}.elementor-widget-tabs.elementor-tabs-alignment-stretch.elementor-tabs-view-horizontal .elementor-tab-title{width:100%}.elementor-widget-tabs.elementor-tabs-alignment-stretch.elementor-tabs-view-vertical .elementor-tab-title{height:100%}.elementor-tabs .elementor-tab-mobile-title{display:none}}<\/style>\t\t<div class=\"elementor-tabs\">\n\t\t\t<div class=\"elementor-tabs-wrapper\" role=\"tablist\" >\n\t\t\t\t\t\t\t\t\t<div id=\"elementor-tab-title-1361\" class=\"elementor-tab-title elementor-tab-desktop-title\" aria-selected=\"true\" data-tab=\"1\" role=\"tab\" tabindex=\"0\" aria-controls=\"elementor-tab-content-1361\" aria-expanded=\"false\">Requerimentos<\/div>\n\t\t\t\t\t\t\t\t\t<div id=\"elementor-tab-title-1362\" class=\"elementor-tab-title elementor-tab-desktop-title\" aria-selected=\"false\" data-tab=\"2\" role=\"tab\" tabindex=\"-1\" aria-controls=\"elementor-tab-content-1362\" aria-expanded=\"false\">Projetos de Lei<\/div>\n\t\t\t\t\t\t\t\t\t<div id=\"elementor-tab-title-1363\" class=\"elementor-tab-title elementor-tab-desktop-title\" aria-selected=\"false\" data-tab=\"3\" role=\"tab\" tabindex=\"-1\" aria-controls=\"elementor-tab-content-1363\" aria-expanded=\"false\">Decretos Legislativos<\/div>\n\t\t\t\t\t\t\t\t\t<div id=\"elementor-tab-title-1364\" class=\"elementor-tab-title elementor-tab-desktop-title\" aria-selected=\"false\" data-tab=\"4\" role=\"tab\" tabindex=\"-1\" aria-controls=\"elementor-tab-content-1364\" aria-expanded=\"false\">Indica\u00e7\u00f5es<\/div>\n\t\t\t\t\t\t\t<\/div>\n\t\t\t<div class=\"elementor-tabs-content-wrapper\" role=\"tablist\" aria-orientation=\"vertical\">\n\t\t\t\t\t\t\t\t\t<div class=\"elementor-tab-title elementor-tab-mobile-title\" aria-selected=\"true\" data-tab=\"1\" role=\"tab\" tabindex=\"0\" aria-controls=\"elementor-tab-content-1361\" aria-expanded=\"false\">Requerimentos<\/div>\n\t\t\t\t\t<div id=\"elementor-tab-content-1361\" class=\"elementor-tab-content elementor-clearfix\" data-tab=\"1\" role=\"tabpanel\" aria-labelledby=\"elementor-tab-title-1361\" tabindex=\"0\" hidden=\"false\"><h2><b>2025<\/b><\/h2>\n<ul>\n<li><a href=\"https:\/\/camarapocinhos.pb.gov.br\/site\/wp-content\/uploads\/2025\/01\/req-024.pdf\">Requerimento N\u00b0024-2025 Solicita ao Deputado Estadual F\u00e1bio Ramalho o envio de uma emenda impositiva para a ONG Patinhas sem Lar<\/a><\/li>\n<li><a href=\"https:\/\/camarapocinhos.pb.gov.br\/site\/wp-content\/uploads\/2025\/01\/Req-025.pdf\">Requerimento N\u00b0025-2025 Solicita ao Deputado Estadual Romero Rodrigues o envio de uma emenda impositiva para a ONG Patinhas sem <\/a><a href=\"https:\/\/camarapocinhos.pb.gov.br\/site\/wp-content\/uploads\/2025\/01\/Req-025.pdf\">Lar<\/a><\/li>\n<li><a href=\"https:\/\/camarapocinhos.pb.gov.br\/site\/wp-content\/uploads\/2025\/01\/Req-026.pdf\">Requerimento N\u00b0026-2025 Solicita ao Deputado Estadual Luciano Cartaxo o envio de uma emenda impositiva para a ONG Patinhas sem Lar<\/a><\/li>\n<li><a href=\"https:\/\/camarapocinhos.pb.gov.br\/site\/wp-content\/uploads\/2025\/01\/REQ-027.pdf\">Requerimento N\u00b0027-2025 Solicita a restaura\u00e7\u00e3o dos tanques, al\u00e9m da reabertura e cercamento dos chafarizes de Nova Bras\u00edlia<\/a><\/li>\n<li><a href=\"https:\/\/camarapocinhos.pb.gov.br\/site\/wp-content\/uploads\/2025\/01\/Req-032.pdf\">Requerimento N\u00b0032-2025 Solicita a implanta\u00e7\u00e3o de um projeto de Academias Comunit\u00e1rias de Muscula\u00e7\u00e3o nos bairros do Munic\u00edpio<\/a><\/li>\n<li><a href=\"https:\/\/camarapocinhos.pb.gov.br\/site\/wp-content\/uploads\/2025\/01\/req-033.pdf\">Requerimento N\u00b0033-2025 Solicita a implanta\u00e7\u00e3o de um sistema de c\u00e2meras para monitoramento dos locais especificados<\/a>&nbsp;<\/li>\n<li><a href=\"https:\/\/camarapocinhos.pb.gov.br\/site\/wp-content\/uploads\/2025\/01\/REQUERIMENTO-N\u00b0095-2025.pdf\">Requerimento N\u00b0095-2025 Venho por meio deste requerimento, solicitar o cal\u00e7amento em frente \u00e0 Creche Irm\u0103 Santana e \u00e0 Unidade B\u00e1sica de Sa\u00fade Rafael Marconi.<\/a><\/li>\n<li>&nbsp;<a href=\"https:\/\/camarapocinhos.pb.gov.br\/site\/wp-content\/uploads\/2025\/01\/REQUERIMENTO-N\u00b0096-2025.pdf\">Requerimento N\u00b0096-2025 Venho por meio deste requerimento, solicitar \u00e0 Secretaria de Sa\u00fade que reveja hor\u00e1rio da abertura das UBS.<\/a>&nbsp;<\/li>\n<\/ul>\n<h2><b>&nbsp;2024<\/b><span style=\"color: #54595f; font-family: Poppins, sans-serif; font-size: 16px; font-weight: 400;\">&nbsp;<\/span><\/h2>\n<ul>\n<li><a href=\"http:\/\/camarapocinhos.pb.gov.br\/novo\/wp-content\/uploads\/2020\/02\/REQUERIMENTO-N%C2%BA-006-2024.pdf\">Requerimento N\u00ba 006\/2024 SOLICITA A SECRETARIA DE SA\u00daDE DE POCINHOS, PROVID\u00caNCIAS ODONTOL\u00d3GICAS EM NAZAR\u00c9<\/a><\/li>\n<li><a href=\"http:\/\/camarapocinhos.pb.gov.br\/novo\/wp-content\/uploads\/2024\/02\/REQUERIMENTO-N%C2%BA-030-2024.pdf\">Requerimento N\u00ba 030\/2024 SOLICITA A CONVOCA\u00c7\u00c3O DO SECRET\u00c1RIO DE ADMINISTRA\u00c7\u00c3OP DE POCINHOS-PB<\/a><\/li>\n<li><a href=\"http:\/\/camarapocinhos.pb.gov.br\/novo\/wp-content\/uploads\/2024\/02\/Requerimento-n%C2%BA-031-2024.pdf\">Requerimento N\u00ba 031\/2024 CORTES DE TERRAS EM DIVERSAS REGI\u00d5ES DO MUNIC\u00cdPIO<\/a><\/li>\n<\/ul>\n<div>&nbsp;<\/div>\n<div>\n<h2 style=\"font-family: 'League Spartan', sans-serif; color: #080809;\">2023<\/h2>\n<\/div>\n<ul>\n<li><a href=\"http:\/\/camarapocinhos.pb.gov.br\/novo\/wp-content\/uploads\/2023\/01\/Requeimento-N%C2%BA-002-2023-REVIS%C3%83O-DA-DECIS%C3%83O-DE-FECHAMENTO-DE-ESCOLAS-NA-ZONA-RURAL.pdf\">Requerimento N\u00ba 002\/2023 REVIS\u00c3O DA DECIS\u00c3O DE FECHAMENTO DE ESCOLAS NA ZONA RURAL<\/a><\/li>\n<li><a href=\"http:\/\/camarapocinhos.pb.gov.br\/novo\/wp-content\/uploads\/2023\/01\/Requerimento-N%C2%BA-012-2023-SOLICITA-AGENTES-COMUNIT%C3%81RIAS-DE-SA%C3%9ADE.pdf\">Requerimento N\u00ba 012\/2023 SOLICITA AGENTES COMUNIT\u00c1RIAS DE SA\u00daDE<\/a><\/li>\n<li><a href=\"http:\/\/camarapocinhos.pb.gov.br\/novo\/wp-content\/uploads\/2023\/01\/Requerimento-N%C2%BA-030-2023-SESS%C3%83O-ESPECIAL-SOBRE-SEGURAN%C3%87A-NAS-ESCOLAS.pdf\">Requerimento N\u00ba 030\/2023 SESS\u00c3O ESPECIAL SOBRE SEGURAN\u00c7A NAS ESCOLAS<\/a><\/li>\n<li><a href=\"http:\/\/camarapocinhos.pb.gov.br\/novo\/wp-content\/uploads\/2023\/01\/Requerimento-N%C2%BA-046-2023-EXPANS%C3%83O-DA-REDE-DE-%C3%81GUA.pdf\">Requerimento N\u00ba 046 -2023 EXPANS\u00c3O DA REDE DE \u00c1GUA<\/a><\/li>\n<li><a href=\"http:\/\/camarapocinhos.pb.gov.br\/novo\/wp-content\/uploads\/2023\/01\/Requerimento-N%C2%BA-052-2023-CONSERTO-E-ATERRAMENTO-DE-TRECHO-DA-PB-121.pdf\">Requerimento N\u00ba 052 \u2013 2023 CONSERTO E ATERRAMENTO DE TRECHO DA PB-121<\/a><\/li>\n<li><a href=\"http:\/\/camarapocinhos.pb.gov.br\/novo\/wp-content\/uploads\/2023\/01\/Requerimento-N%C2%BA-053-2023-DOA%C3%87%C3%83O-PARA-AQUISI%C3%87%C3%83O-DE-CASTRAM%C3%93VEL-F%C3%81BIO-RAMALHO.pdf\">Requerimento N\u00ba 053 \u2013 2023 DOA\u00c7\u00c3O PARA AQUISI\u00c7\u00c3O DE CASTRAM\u00d3VEL \u2013 F\u00c1BIO RAMALHO<\/a><\/li>\n<li><a href=\"http:\/\/camarapocinhos.pb.gov.br\/novo\/wp-content\/uploads\/2023\/01\/Requerimento-N%C2%BA-054-2023-DOA%C3%87%C3%83O-PARA-AQUISI%C3%87%C3%83O-DE-CASTRAM%C3%93VEL-ROMERO-RODRIGUES.pdf\">Requerimento N\u00ba 054 \u2013 2023 DOA\u00c7\u00c3O PARA AQUISI\u00c7\u00c3O DE CASTRAM\u00d3VEL \u2013 ROMERO RODRIGUES<\/a><\/li>\n<li><a href=\"http:\/\/camarapocinhos.pb.gov.br\/novo\/wp-content\/uploads\/2023\/01\/Requerimento-N%C2%BA-055-2023-DOA%C3%87%C3%83O-PARA-AQUISI%C3%87%C3%83O-DE-CASTRAM%C3%93VEL-VENEZIANO-VITAL.pdf\">Requerimento N\u00ba 055 \u2013 2023 DOA\u00c7\u00c3O PARA AQUISI\u00c7\u00c3O DE CASTRAM\u00d3VEL \u2013 VENEZIANO VITAL<\/a><\/li>\n<li><a href=\"http:\/\/camarapocinhos.pb.gov.br\/novo\/wp-content\/uploads\/2023\/01\/Requerimento-N%C2%BA-056-2023-INSTALA%C3%87AO-DE-ABRIGOS-E-PARADAS-DE-%C3%94NIBUS-NA-PB-121-E-BR-230.pdf\">Requerimento N\u00ba 056 \u2013 2023 INSTALA\u00c7AO DE ABRIGOS E PARADAS DE \u00d4NIBUS NA PB 121 E BR 230<\/a><\/li>\n<li><a href=\"http:\/\/camarapocinhos.pb.gov.br\/novo\/wp-content\/uploads\/2023\/01\/Requerimento-N%C2%BA-057-2023-PARADA-PARA-CARROS-ALTERNATIVOS-DO-MUNIC%C3%8DPIO.pdf\">Requerimento N\u00ba 057 \u2013 2023 PARADA PARA CARROS ALTERNATIVOS DO MUNIC\u00cdPIO<\/a><\/li>\n<li><a href=\"http:\/\/camarapocinhos.pb.gov.br\/novo\/wp-content\/uploads\/2023\/01\/Requerimento-N%C2%BA-061-2023-DOA%C3%87%C3%83O-PARA-AQUISI%C3%87%C3%83O-DE-CASTRAM%C3%93VEL-PARA-CIDADE-DE-POCINHOS.pdf\">Requerimento N\u00ba 061 \u2013 2023 DOA\u00c7\u00c3O PARA AQUISI\u00c7\u00c3O DE CASTRAM\u00d3VEL PARA CIDADE DE POCINHOS<\/a><\/li>\n<li><a href=\"http:\/\/camarapocinhos.pb.gov.br\/novo\/wp-content\/uploads\/2023\/01\/Requerimento-N%C2%BA-134-2023-BANHEIROS-P%C3%9ABLICOS-PARA-O-POVOADO-DO-ARRUDA.pdf\">Requerimento N\u00ba 134 \u2013 2023 BANHEIROS P\u00daBLICOS PARA O POVOADO DO ARRUDA<\/a><\/li>\n<li><a href=\"http:\/\/camarapocinhos.pb.gov.br\/novo\/wp-content\/uploads\/2023\/01\/Requerimento-N%C2%BA-135-2023-BANHEIROS-QU%C3%8DMICOS-PARA-EVENTOS-CULTURAIS-DO-MUNIC%C3%8DPIO.pdf\">Requerimento N\u00ba 135 \u2013 2023 BANHEIROS QU\u00cdMICOS PARA EVENTOS CULTURAIS DO MUNIC\u00cdPIO<\/a><\/li>\n<li><a href=\"http:\/\/camarapocinhos.pb.gov.br\/novo\/wp-content\/uploads\/2023\/01\/Requerimento-N%C2%BA-136-2023-CONCURSO-P%C3%9ABLICO.pdf\">Requerimento N\u00ba 136 \u2013 2023 CONCURSO P\u00daBLICO<\/a><\/li>\n<li><a href=\"http:\/\/camarapocinhos.pb.gov.br\/novo\/wp-content\/uploads\/2023\/01\/Requerimento-N%C2%BA-153-2023-ANTENA-DE-TELEFONIA-M%C3%93VEL-NO-DISTRITO-DE-NAZAR%C3%89-DE-POCINHOS.pdf\">Requerimento N\u00ba 153 \u2013 2023 ANTENA DE TELEFONIA M\u00d3VEL NO DISTRITO DE NAZAR\u00c9 DE POCINHOS<\/a><\/li>\n<li><a href=\"http:\/\/camarapocinhos.pb.gov.br\/novo\/wp-content\/uploads\/2023\/01\/Requerimento-N%C2%BA-154-2023-ANTENA-DE-TELEFONIA-M%C3%93VEL-NO-DISTRITO-DE-NAZAR%C3%89-DE-POCINHOS.pdf\">Requerimento N\u00ba 154 \u2013 2023 ANTENA DE TELEFONIA M\u00d3VEL NO DISTRITO DE NAZAR\u00c9 DE POCINHOS<\/a><\/li>\n<li><a href=\"http:\/\/camarapocinhos.pb.gov.br\/novo\/wp-content\/uploads\/2023\/01\/Requerimento-N%C2%BA-155-2023-IMPLATA%C3%87%C3%83O-DE-SISTEMA-DE-MONITORAMENTO-DE-C%C3%82MERAS-ELETR%C3%94NICAS-PELAS-RUAS-DO-MUNIC%C3%8DPIO-DE-POCINHOS.pdf\">Requerimento N\u00ba 155 \u2013 2023 IMPLATA\u00c7\u00c3O DE SISTEMA DE MONITORAMENTO DE C\u00c2MERAS ELETR\u00d4NICAS PELAS RUAS DO MUNIC\u00cdPIO DE POCINHOS<\/a><\/li>\n<li><a href=\"http:\/\/camarapocinhos.pb.gov.br\/novo\/wp-content\/uploads\/2023\/01\/Requerimento-N%C2%BA-156-2023-SESS%C3%83O-ESPECIAL-PARA-DEBATER-PLANO-DE-CARGOS-CARREIRA-E-REMUNERA%C3%87%C3%83O-PCCR.pdf\">Requerimento N\u00ba 156 \u2013 2023 SESS\u00c3O ESPECIAL PARA DEBATER PLANO DE CARGOS CARREIRA E REMUNERA\u00c7\u00c3O \u2013 PCCR<\/a><\/li>\n<li><a href=\"http:\/\/camarapocinhos.pb.gov.br\/novo\/wp-content\/uploads\/2023\/01\/Requerimento-N%C2%BA-164-2023-SOLU%C3%87%C3%83O-A-INFESTA%C3%87%C3%83O-DE-ANIMAIS-PE%C3%87ONHENTOS-NA-CRECHE-IRM%C3%83-SANTANA.pdf\">Requerimento N\u00ba 164 \u2013 2023 SOLU\u00c7\u00c3O A INFESTA\u00c7\u00c3O DE ANIMAIS PE\u00c7ONHENTOS NA CRECHE IRM\u00c3 SANTANA<\/a><\/li>\n<li><a href=\"http:\/\/camarapocinhos.pb.gov.br\/novo\/wp-content\/uploads\/2023\/01\/Requerimento-N%C2%BA-165-2023-SOLU%C3%87%C3%83O-A-FALTA-DE-%C3%81GUA-NO-MUNIC%C3%8DPIO..pdf\">Requerimento N\u00ba 165 \u2013 2023 SOLU\u00c7\u00c3O A FALTA DE \u00c1GUA NO MUNIC\u00cdPIO.<\/a><\/li>\n<\/ul>\n<div>&nbsp;<\/div>\n<div>\n<h2 style=\"font-family: 'League Spartan', sans-serif; color: #080809;\">2022<\/h2>\n<\/div>\n<ul>\n<li><a href=\"http:\/\/camarapocinhos.pb.gov.br\/novo\/wp-content\/uploads\/2022\/03\/Requerimento-N%C2%BA-002-2022-VACINA-NOTURNA-PARA-OS-TRABALHADORES.pdf\">Requerimento N\u00ba 002-2022 VACINA NOTURNA PARA OS TRABALHADORES<\/a><\/li>\n<li><a href=\"http:\/\/camarapocinhos.pb.gov.br\/novo\/wp-content\/uploads\/2022\/03\/Requerimento-N%C2%BA-038-2022-RECUPERA%C3%87%C3%83O-DE-ESTRADAS-VICINAIS-DO-MUNIC%C3%8DPIO.pdf\">Requerimento N\u00ba 038 \u2013 2022 RECUPERA\u00c7\u00c3O DE ESTRADAS VICINAIS DO MUNIC\u00cdPIO<\/a><\/li>\n<li><a href=\"http:\/\/camarapocinhos.pb.gov.br\/novo\/wp-content\/uploads\/2022\/03\/Requerimento-N%C2%BA-040-2022-CANTEIRO-CENTRAL-NA-RUA-ANT%C3%94NIO-VAZ-RIBEIRO.pdf\">Requerimento N\u00ba 040 \u2013 2022 CANTEIRO CENTRAL NA RUA ANT\u00d4NIO VAZ RIBEIRO<\/a><\/li>\n<li><a href=\"http:\/\/camarapocinhos.pb.gov.br\/novo\/wp-content\/uploads\/2022\/03\/Requerimento-N%C2%BA-041-2022-ROTAT%C3%93RIA-NO-CRUZAMENTO-PR%C3%93XIMO-AO-MERCADINHO-RB-CESTAS-B%C3%81SICAS.pdf\">Requerimento N\u00ba 041 \u2013 2022 ROTAT\u00d3RIA NO CRUZAMENTO PR\u00d3XIMO AO MERCADINHO RB CESTAS B\u00c1SICAS<\/a><\/li>\n<li><a href=\"http:\/\/camarapocinhos.pb.gov.br\/novo\/wp-content\/uploads\/2022\/03\/Requerimento-N%C2%BA-042-2022-CERCA-PARA-O-TANQUE-DO-CAJUEIRO.pdf\">Requerimento N\u00ba 042 \u2013 2022 CERCA PARA O TANQUE DO CAJUEIRO<\/a><\/li>\n<li><a href=\"http:\/\/camarapocinhos.pb.gov.br\/novo\/wp-content\/uploads\/2022\/03\/Requerimento-N%C2%BA-043-2022-CAL%C3%87AMENTO-E-ESGOTAMENTO-DAS-RUAS-DO-BAIRRO-OTTONI-BARRETO.pdf\">Requerimento N\u00ba 043 \u2013 2022 CAL\u00c7AMENTO E ESGOTAMENTO DAS RUAS DO BAIRRO OTTONI BARRETO<\/a><\/li>\n<li><a href=\"http:\/\/camarapocinhos.pb.gov.br\/novo\/wp-content\/uploads\/2022\/03\/Requerimento-N%C2%BA-044-2022-PRA%C3%87A-E-ACADEMIA-DE-SA%C3%9ADE-PARA-O-BAIRRO-OTTONI-BARRETO.pdf\">Requerimento N\u00ba 044 \u2013 2022 PRA\u00c7A E ACADEMIA DE SA\u00daDE PARA O BAIRRO OTTONI BARRETO<\/a><\/li>\n<li><a href=\"http:\/\/camarapocinhos.pb.gov.br\/novo\/wp-content\/uploads\/2022\/03\/Requerimento-N%C2%BA-050-2022-ILUMINA%C3%87%C3%83O-P%C3%9ABLICA-ENTRE-O-POVOADO-DO-ARRUDA-E-A-VILA-DE-ENTRADA-DO-ENGENHO-VELHO.pdf\">Requerimento N\u00ba 050 \u2013 2022 ILUMINA\u00c7\u00c3O P\u00daBLICA ENTRE O POVOADO DO ARRUDA E A VILA DE ENTRADA DO ENGENHO VELHO<\/a><\/li>\n<li><a href=\"http:\/\/camarapocinhos.pb.gov.br\/novo\/wp-content\/uploads\/2022\/03\/Requerimento-N%C2%BA-058-2022-CARROS-PARA-TRANSPORTE-DE-PACIENTE-DA-ZONA-RURAL.pdf\">Requerimento N\u00ba 058 \u2013 2022 CARROS PARA TRANSPORTE DE PACIENTE DA ZONA RURAL<\/a><\/li>\n<li><a href=\"http:\/\/camarapocinhos.pb.gov.br\/novo\/wp-content\/uploads\/2022\/03\/Requerimento-N%C2%BA-059-2022-AJUDA-FINANCEIRA-AOS-TIMES-DE-FUTEBOL-AMADOR.pdf\">Requerimento N\u00ba 059 \u2013 2022 AJUDA FINANCEIRA AOS TIMES DE FUTEBOL AMADOR<\/a><\/li>\n<li><a href=\"http:\/\/camarapocinhos.pb.gov.br\/novo\/wp-content\/uploads\/2022\/03\/Requerimento-N%C2%BA-060-2022-CARROS-PARA-TRANSPORTE-DE-PACIENTE-DA-ZONA-RURAL.pdf\">Requerimento N\u00ba 060 \u2013 2022 CARROS PARA TRANSPORTE DE PACIENTE DA ZONA RURAL<\/a><\/li>\n<li><a href=\"http:\/\/camarapocinhos.pb.gov.br\/novo\/wp-content\/uploads\/2022\/03\/Requerimento-N%C2%BA-061-2022-CARROS-PARA-TRANSPORTE-DE-PACIENTES-DA-ZONA-RURAL.pdf\">Requerimento N\u00ba 061 \u2013 2022 CARROS PARA TRANSPORTE DE PACIENTES DA ZONA RURAL<\/a><\/li>\n<li><a href=\"http:\/\/camarapocinhos.pb.gov.br\/novo\/wp-content\/uploads\/2022\/03\/Requerimento-N%C2%BA-062-2022-CARROS-PARA-TRANSPORTE-DE-PACIENTES-DA-ZONA-RURAL.pdf\">Requerimento N\u00ba 062 \u2013 2022 CARROS PARA TRANSPORTE DE PACIENTES DA ZONA RURAL<\/a><\/li>\n<li><a href=\"http:\/\/camarapocinhos.pb.gov.br\/novo\/wp-content\/uploads\/2022\/03\/Requerimento-N%C2%BA-063-2022-CONCLUS%C3%83O-DA-OBRA-DO-TEATRO-MUNICIPAL.pdf\">Requerimento N\u00ba 063 \u2013 2022 CONCLUS\u00c3O DA OBRA DO TEATRO MUNICIPAL<\/a><\/li>\n<li><a href=\"http:\/\/camarapocinhos.pb.gov.br\/novo\/wp-content\/uploads\/2022\/03\/Requerimento-N%C2%BA-069-2022-O-ENVIO-DOS-GASTOS-COM-A-REFORMA-DA-PRA%C3%87A-MARCOS-RAFAEL.pdf\">Requerimento N\u00ba 069 \u2013 2022 O ENVIO DOS GASTOS COM A REFORMA DA PRA\u00c7A MARCOS RAFAEL<\/a><\/li>\n<li><a href=\"http:\/\/camarapocinhos.pb.gov.br\/novo\/wp-content\/uploads\/2022\/03\/Requerimento-N%C2%BA-070-2022-LIBERA%C3%87%C3%83O-LEGALIZA%C3%87%C3%83O-E-CONTROLE-DA-RETIRADA-DE-%C3%81GUA-DOS-A%C3%87UDES-DO-MUNIC%C3%8DPIO.pdf\">Requerimento N\u00ba 070 \u2013 2022 LIBERA\u00c7\u00c3O, LEGALIZA\u00c7\u00c3O E CONTROLE DA RETIRADA DE \u00c1GUA DOS A\u00c7UDES DO MUNIC\u00cdPIO<\/a><\/li>\n<\/ul>\n<div>&nbsp;<\/div>\n<div>\n<h2 style=\"font-family: 'League Spartan', sans-serif; color: #080809;\">2021<\/h2>\n<\/div>\n<ul>\n<li><a href=\"http:\/\/camarapocinhos.pb.gov.br\/novo\/wp-content\/uploads\/2021\/09\/Requerimento-n%C2%BA-008-2021-VOTOS-DE-APLAUSOS-AO-PROGRAMA-CATURIT%C3%89-NOS-MUNIC%C3%8DPIOS.pdf\">Requerimento n\u00ba 008 \u2013 2021 VOTOS DE APLAUSOS AO PROGRAMA CATURIT\u00c9 NOS MUNIC\u00cdPIOS<\/a><\/li>\n<li><a href=\"http:\/\/camarapocinhos.pb.gov.br\/novo\/wp-content\/uploads\/2021\/09\/Requerimento-n%C2%BA-009-2021-RETOMADA-DAS-BARREIRAS-SANIT%C3%81RIAS-E-CAMPANHAS-DE-CONSCIENTIZA%C3%87%C3%83O-CONTRA-COVID-19.pdf\">Requerimento n\u00ba 009 \u2013 2021 RETOMADA DAS BARREIRAS SANIT\u00c1RIAS E CAMPANHAS DE CONSCIENTIZA\u00c7\u00c3O CONTRA COVID-19<\/a><\/li>\n<li><a href=\"http:\/\/camarapocinhos.pb.gov.br\/novo\/wp-content\/uploads\/2021\/09\/Requerimento-n%C2%BA-016-2021-AQUISI%C3%87%C3%83O-DE-MEDICAMENTOS-PARA-FARM%C3%81CIA-B%C3%81SICA-MUNICIPAL.pdf\">Requerimento n\u00ba 016 \u2013 2021 AQUISI\u00c7\u00c3O DE MEDICAMENTOS PARA FARM\u00c1CIA B\u00c1SICA MUNICIPAL<\/a><\/li>\n<li><a href=\"http:\/\/camarapocinhos.pb.gov.br\/novo\/wp-content\/uploads\/2021\/09\/Requerimento-n%C2%BA-017-2021-INSER%C3%87%C3%83O-DOS-PROFISSIONAIS-DE-EDUCA%C3%87%C3%83O-NO-GRUPO-DE-PRIORIDADE-DE-VACINA%C3%87%C3%83O-CONTRA-COVID-19.pdf\">Requerimento n\u00ba 017 \u2013 2021 INSER\u00c7\u00c3O DOS PROFISSIONAIS DE EDUCA\u00c7\u00c3O NO GRUPO DE PRIORIDADE DE VACINA\u00c7\u00c3O CONTRA COVID-19<\/a><\/li>\n<li><a href=\"http:\/\/camarapocinhos.pb.gov.br\/novo\/wp-content\/uploads\/2021\/09\/Requerimento-n%C2%BA-018-2021-DISTRIBUI%C3%87%C3%83O-DE-MERENDA-PRONTA-PARA-ALUNOS-DA-ZONA-RURAL.pdf\">Requerimento n\u00ba 018 \u2013 2021 DISTRIBUI\u00c7\u00c3O DE MERENDA PRONTA PARA ALUNOS DA ZONA RURAL<\/a><\/li>\n<li><a href=\"http:\/\/camarapocinhos.pb.gov.br\/novo\/wp-content\/uploads\/2021\/09\/Requerimento-n%C2%BA-035-2021-AMPLIA%C3%87%C3%83O-DO-SISTEMA-DE-ABASTECIMENTO-DE-%C3%81GUA-QUE-PASSA-PELO-MUNIC%C3%8DPIO-DE-MONTADAS-AS-COMUNIDADES-POCINHENSES-PR%C3%93XIMAS.pdf\">Requerimento n\u00ba 035 \u2013 2021 AMPLIA\u00c7\u00c3O DO SISTEMA DE ABASTECIMENTO DE \u00c1GUA QUE PASSA PELO MUNIC\u00cdPIO DE MONTADAS AS COMUNIDADES POCINHENSES PR\u00d3XIMAS<\/a><\/li>\n<li><a href=\"http:\/\/camarapocinhos.pb.gov.br\/novo\/wp-content\/uploads\/2021\/09\/Requerimento-n%C2%BA-047-2021-BANHEIROS-P%C3%9ABLICOS-PARA-O-DISTRITO-DE-NAZAR%C3%89.pdf\">Requerimento n\u00ba 047 \u2013 2021 BANHEIROS P\u00daBLICOS PARA O DISTRITO DE NAZAR\u00c9<\/a><\/li>\n<li><a href=\"http:\/\/camarapocinhos.pb.gov.br\/novo\/wp-content\/uploads\/2021\/09\/Requerimento-n%C2%BA-092-2021-DISTRIBUI%C3%87%C3%83O-DE-VACINAS-CONTRA-COVID-19-POR-REGI%C3%83O.pdf\">Requerimento n\u00ba 092 \u2013 2021 DISTRIBUI\u00c7\u00c3O DE VACINAS CONTRA COVID-19 POR REGI\u00c3O<\/a><\/li>\n<li><a href=\"http:\/\/camarapocinhos.pb.gov.br\/novo\/wp-content\/uploads\/2021\/09\/Requerimento-n%C2%BA-093-2021-DISTRIBUI%C3%87%C3%83O-DE-%C3%81GUA-PARA-AS-COMUNIDADES-DO-MUNIC%C3%8DPIO.pdf\">Requerimento n\u00ba 093 \u2013 2021 DISTRIBUI\u00c7\u00c3O DE \u00c1GUA PARA AS COMUNIDADES DO MUNIC\u00cdPIO<\/a><\/li>\n<li><a href=\"http:\/\/camarapocinhos.pb.gov.br\/novo\/wp-content\/uploads\/2021\/09\/Requerimento-n%C2%BA-128-2021-PROVID%C3%8ANCIAS-PARA-QUE-N%C3%83O-DEIXE-MORRER-ARVORS-DE-PLANTAS-NATIVAS-QUE-FORAM-PLANTADAS-EM-TERRENOS-P%C3%9ABLICOS.pdf\">Requerimento n\u00ba 128 \u2013 2021 PROVID\u00caNCIAS PARA QUE N\u00c3O DEIXE MORRER ARVORS DE PLANTAS NATIVAS QUE FORAM PLANTADAS EM TERRENOS P\u00daBLICOS<\/a><\/li>\n<li><a href=\"http:\/\/camarapocinhos.pb.gov.br\/novo\/wp-content\/uploads\/2021\/09\/Requerimento-n%C2%BA-132-2021-IMPLANTA%C3%87%C3%83O-DE-PONTO-DE-APOIO-PARA-CARROS-PIPAS-CREDENCIADOS.pdf\">Requerimento n\u00ba 132 \u2013 2021 IMPLANTA\u00c7\u00c3O DE PONTO DE APOIO PARA CARROS PIPAS CREDENCIADOS<\/a><\/li>\n<\/ul>\n<div>&nbsp;<\/div>\n<div>\n<h2 style=\"font-family: 'League Spartan', sans-serif; color: #080809;\">2020<\/h2>\n<\/div>\n<ul>\n<li><a href=\"http:\/\/camarapocinhos.pb.gov.br\/novo\/wp-content\/uploads\/2021\/09\/Requerimento-n%C2%BA-001-2020-AUDI%C3%8ANCIA-P%C3%9ABLICA-PARA-DISCUTIR-PROBLEMAS-DO-ENSINO-REGULAR-DA-ESCOLA-ESTADUAL-ANT%C3%94NIO-GALDINO.pdf\">Requerimento n\u00ba 001 \u2013 2020 AUDI\u00caNCIA P\u00daBLICA PARA DISCUTIR PROBLEMAS DO ENSINO REGULAR DA ESCOLA ESTADUAL ANT\u00d4NIO GALDINO<\/a><\/li>\n<li><a href=\"http:\/\/camarapocinhos.pb.gov.br\/novo\/wp-content\/uploads\/2020\/02\/Requerimento-n%C2%BA-049-2020-IMPLANTA%C3%87%C3%83O-DE-ABASTECIMENTO-DE-%C3%81GUA-PARA-O-DISTRITO-DE-NAZAR%C3%89.pdf\">Requerimento n\u00ba 049 \u2013 2020 IMPLANTA\u00c7\u00c3O DE ABASTECIMENTO DE \u00c1GUA PARA O DISTRITO DE NAZAR\u00c9<\/a><\/li>\n<\/ul>\n<div>&nbsp;<\/div>\n<div>\n<h2 style=\"font-family: 'League Spartan', sans-serif; color: #080809;\">2018<\/h2>\n<\/div>\n<ul>\n<li><a href=\"http:\/\/camarapocinhos.pb.gov.br\/novo\/wp-content\/uploads\/2020\/02\/Requerimento-n%C2%BA-007-2018-EXPLICA%C3%87%C3%95ES-SOBRE-AS-COBRAN%C3%87AS-ABSURDAS-NAS-CONTAS-DE-%C3%81GUA-EM-POCINHOS.pdf\">Requerimento n\u00ba 007 \u2013 2018 EXPLICA\u00c7\u00d5ES SOBRE AS COBRAN\u00c7AS ABSURDAS NAS CONTAS DE \u00c1GUA EM POCINHOS<\/a><\/li>\n<\/ul>\n<div>&nbsp;<\/div>\n<div>\n<h2 style=\"font-family: 'League Spartan', sans-serif; color: #080809;\">2017<\/h2>\n<\/div>\n<ul>\n<li><a href=\"http:\/\/camarapocinhos.pb.gov.br\/novo\/wp-content\/uploads\/2020\/02\/Requerimento-N%C2%BA-019-2017-CISTERNAS-P%C3%9ABLICAS-NO-DISTRITO-DE-NAZAR%C3%89.pdf\">Requerimento N\u00ba 019 \u2013 2017 CISTERNAS P\u00daBLICAS NO DISTRITO DE NAZAR\u00c9<\/a><\/li>\n<li><a href=\"http:\/\/camarapocinhos.pb.gov.br\/novo\/wp-content\/uploads\/2020\/02\/Requerimento-N%C2%BA-020-2017-SETOR-DE-EMISS%C3%83O-DA-CTPS.pdf\">Requerimento N\u00ba 020 \u2013 2017 SETOR DE EMISS\u00c3O DA CTPS<\/a><\/li>\n<li><a href=\"http:\/\/camarapocinhos.pb.gov.br\/novo\/wp-content\/uploads\/2020\/02\/Requerimento-N%C2%BA-021-2017-SINALIZA%C3%87%C3%83O-E-REPARO-DOS-QUEBRA-MOLAS.pdf\">Requerimento N\u00ba 021 \u2013 2017 SINALIZA\u00c7\u00c3O E REPARO DOS QUEBRA MOLAS<\/a><\/li>\n<li><a href=\"http:\/\/camarapocinhos.pb.gov.br\/novo\/wp-content\/uploads\/2020\/02\/Requerimento-N%C2%BA-022-2017-RECONSTRU%C3%87%C3%83O-DO-PORTAL-DA-ENTRADA-DA-CIDADE.pdf\">Requerimento N\u00ba 022 \u2013 2017 RECONSTRU\u00c7\u00c3O DO PORTAL DA ENTRADA DA CIDADE<\/a><\/li>\n<li><a href=\"http:\/\/camarapocinhos.pb.gov.br\/novo\/wp-content\/uploads\/2020\/02\/Requerimento-N%C2%BA-023-2017-PROVID%C3%8ANCIAS-PARA-COIBIR-A-PROIBI%C3%87%C3%83O-POR-PARTE-DE-UM-CIDAD%C3%83O-DE-TRANSITAR-POR-UMA-ESTRADA.pdf\">Requerimento N\u00ba 023 \u2013 2017 PROVID\u00caNCIAS PARA COIBIR A PROIBI\u00c7\u00c3O POR PARTE DE UM CIDAD\u00c3O DE TRANSITAR POR UMA ESTRADA<\/a><\/li>\n<li><a href=\"http:\/\/camarapocinhos.pb.gov.br\/novo\/wp-content\/uploads\/2020\/02\/Requerimento-N%C2%BA-024-2017-PARCERIA-COM-A-RADIO-COMUNIT%C3%81RIA-POCINHOS-FM-87.9.pdf\">Requerimento N\u00ba 024 \u2013 2017 PARCERIA COM A RADIO COMUNIT\u00c1RIA POCINHOS FM 87.9<\/a><\/li>\n<li><a href=\"http:\/\/camarapocinhos.pb.gov.br\/novo\/wp-content\/uploads\/2020\/02\/Requerimento-N%C2%BA-025-2017-IMPLATA%C3%87%C3%83O-E-REFORMA-NAS-PARADAS-DE-%C3%94NIBUS.pdf\">Requerimento N\u00ba 025 \u2013 2017 IMPLATA\u00c7\u00c3O E REFORMA NAS PARADAS DE \u00d4NIBUS<\/a><\/li>\n<li><a href=\"http:\/\/camarapocinhos.pb.gov.br\/novo\/wp-content\/uploads\/2020\/02\/Requerimento-N%C2%BA-026-2017-CERCAMENTO-DO-TANQUE-DE-PEDRA-DO-S%C3%8DTIO-MAR%C3%8DS-PRETO.pdf\">Requerimento N\u00ba 026 \u2013 2017 CERCAMENTO DO TANQUE DE PEDRA DO S\u00cdTIO MAR\u00cdS PRETO<\/a><\/li>\n<li><a href=\"http:\/\/camarapocinhos.pb.gov.br\/novo\/wp-content\/uploads\/2020\/02\/Requerimento-N%C2%BA-052-2017-RETIRADA-DO-ESGOTO-A-C%C3%89U-ABERTO-DA-CADEIA-P%C3%9ABLICA-DE-POCINHOS.pdf\">Requerimento N\u00ba 052 \u2013 2017 RETIRADA DO ESGOTO A C\u00c9U ABERTO DA CADEIA P\u00daBLICA DE POCINHOS<\/a><\/li>\n<li><a href=\"http:\/\/camarapocinhos.pb.gov.br\/novo\/wp-content\/uploads\/2020\/02\/Requerimento-N%C2%BA-060-2017-ESCLARECIMENTO-SOBRE-O-SEGURO-SAFRA-2015-2016-2016-2017.pdf\">Requerimento N\u00ba 060 \u2013 2017 ESCLARECIMENTO SOBRE O SEGURO SAFRA 2015-2016 2016-2017<\/a><\/li>\n<li><a href=\"http:\/\/camarapocinhos.pb.gov.br\/novo\/wp-content\/uploads\/2020\/02\/Requerimento-N%C2%BA-061-2017-ESGOTAMENTO-SANIT%C3%81RIO-DA-RUA-JO%C3%83O-FRANSCISCO-DE-MARIA.pdf\">Requerimento N\u00ba 061 \u2013 2017 ESGOTAMENTO SANIT\u00c1RIO DA RUA JO\u00c3O FRANSCISCO DE MARIA<\/a><\/li>\n<li><a href=\"http:\/\/camarapocinhos.pb.gov.br\/novo\/wp-content\/uploads\/2020\/02\/Requerimento-N%C2%BA-080-2017-PROIBI%C3%87%C3%83O-DE-TR%C3%82NSITO-DE-MOTOS-E-CARROS-NO-INTERIOR-DO-MARCADO-P%C3%9ABLICO.pdf\">Requerimento N\u00ba 080 \u2013 2017 PROIBI\u00c7\u00c3O DE TR\u00c2NSITO DE MOTOS E CARROS NO INTERIOR DO MARCADO P\u00daBLICO<\/a><\/li>\n<li><a href=\"http:\/\/camarapocinhos.pb.gov.br\/novo\/wp-content\/uploads\/2020\/02\/Requerimento-N%C2%BA-081-2017-CONCLUS%C3%83O-DOS-SERVI%C3%87OS-NOS-CAL%C3%87AMENTOS-E-ASFALTO-DO-MUNIC%C3%8DPIO.pdf\">Requerimento N\u00ba 081 \u2013 2017 CONCLUS\u00c3O DOS SERVI\u00c7OS NOS CAL\u00c7AMENTOS E ASFALTO DO MUNIC\u00cdPIO<\/a><\/li>\n<li><a href=\"http:\/\/camarapocinhos.pb.gov.br\/novo\/wp-content\/uploads\/2020\/02\/Requerimento-N%C2%BA-086-2017-SINALIZA%C3%87%C3%83O-DA-PB-121.pdf\">Requerimento N\u00ba 086 \u2013 2017 SINALIZA\u00c7\u00c3O DA PB-121<\/a><\/li>\n<li><a href=\"http:\/\/camarapocinhos.pb.gov.br\/novo\/wp-content\/uploads\/2020\/02\/Requerimento-N%C2%BA-087-2017-CAPINAGEM-E-PODA-DE-ARV%C3%93RES-E-GALHOS-AS-MARGENS-DA-PB-121.pdf\">Requerimento N\u00ba 087 \u2013 2017 CAPINAGEM E PODA DE ARV\u00d3RES E GALHOS AS MARGENS DA PB-121<\/a><\/li>\n<li><a href=\"http:\/\/camarapocinhos.pb.gov.br\/novo\/wp-content\/uploads\/2020\/02\/Requerimento-N%C2%BA-112-2017-ATENDIMENTO-AOS-ELEITORES-DA-ZONA-RURALCOM-SERVI%C3%87O-DE-BIOMETRIA-ELEITORAL.pdf\">Requerimento N\u00ba 112 \u2013 2017 ATENDIMENTO AOS ELEITORES DA ZONA RURALCOM SERVI\u00c7O DE BIOMETRIA ELEITORAL<\/a><\/li>\n<li><a href=\"http:\/\/camarapocinhos.pb.gov.br\/novo\/wp-content\/uploads\/2020\/02\/Requerimento-N%C2%BA-122-2017-ATENDIMENTO-AOS-USU%C3%81RIOS-NAS-AG%C3%8ANCIAS-BANC%C3%81RIAS-CASA-LOT%C3%89RICA.pdf\">Requerimento N\u00ba 122-2017 ATENDIMENTO AOS USU\u00c1RIOS NAS AG\u00caNCIAS BANC\u00c1RIAS CASA LOT\u00c9RICA<\/a><\/li>\n<li><a href=\"http:\/\/camarapocinhos.pb.gov.br\/novo\/wp-content\/uploads\/2020\/02\/Requerimento-N%C2%BA-129-2017-CURSO-PREPARAT%C3%93RIO-PARA-O-ENEM.pdf\">Requerimento N\u00ba 129-2017 CURSO PREPARAT\u00d3RIO PARA O ENEM<\/a><\/li>\n<li><a href=\"http:\/\/camarapocinhos.pb.gov.br\/novo\/wp-content\/uploads\/2020\/02\/Requerimento-N%C2%BA-131-2017-CONSTRU%C3%87%C3%83O-DE-QUADRA-POLIESPORTIVA-NO-S%C3%8DTIO-CHUCALHEIRA.pdf\">Requerimento N\u00ba 131-2017 CONSTRU\u00c7\u00c3O DE QUADRA POLIESPORTIVA NO S\u00cdTIO CHUCALHEIRA<\/a><\/li>\n<li><a href=\"http:\/\/camarapocinhos.pb.gov.br\/novo\/wp-content\/uploads\/2020\/02\/Requerimento-N%C2%BA-132-2017-CONSTRU%C3%87%C3%83O-DE-QUADRA-POLIESPORTIVA-NO-S%C3%8DTIO-CAI%C3%87ARA.pdf\">Requerimento N\u00ba 132-2017 CONSTRU\u00c7\u00c3O DE QUADRA POLIESPORTIVA NO S\u00cdTIO CAI\u00c7ARA<\/a><\/li>\n<li><a href=\"http:\/\/camarapocinhos.pb.gov.br\/novo\/wp-content\/uploads\/2020\/02\/Requerimento-N%C2%BA-133-2017-CONSTRU%C3%87%C3%83O-DE-QUADRA-POLIESPORTIVA-NO-S%C3%8DTIO-BOQUEIR%C3%83O.pdf\">Requerimento N\u00ba 133-2017 CONSTRU\u00c7\u00c3O DE QUADRA POLIESPORTIVA NO S\u00cdTIO BOQUEIR\u00c3O<\/a><\/li>\n<li><a href=\"http:\/\/camarapocinhos.pb.gov.br\/novo\/wp-content\/uploads\/2020\/02\/Requerimento-N%C2%BA-134-2017-CONSTRU%C3%87%C3%83O-DE-QUADRA-POLIESPORTIVA-E-ACADEMIA-DE-SA%C3%9ADE-NO-BAIRRO-CACIMBA-NOVA-E-CRUZEIRO.pdf\">Requerimento N\u00ba 134-2017 CONSTRU\u00c7\u00c3O DE QUADRA POLIESPORTIVA E ACADEMIA DE SA\u00daDE NO BAIRRO CACIMBA NOVA E CRUZEIRO<\/a><\/li>\n<li><a href=\"http:\/\/camarapocinhos.pb.gov.br\/novo\/wp-content\/uploads\/2020\/02\/Requerimento-N%C2%BA-135-2017-CONSTRU%C3%87%C3%83O-DE-QUADRA-POLIESPORTIVA-E-ACADEMIA-DE-SA%C3%9ADE-NO-BAIRRO-JARDIM-ETELVINA.pdf\">Requerimento N\u00ba 135-2017 CONSTRU\u00c7\u00c3O DE QUADRA POLIESPORTIVA E ACADEMIA DE SA\u00daDE NO BAIRRO JARDIM ETELVINA<\/a><\/li>\n<li><a href=\"http:\/\/camarapocinhos.pb.gov.br\/novo\/wp-content\/uploads\/2020\/02\/Requerimento-N%C2%BA-136-2017-CONSTRU%C3%87%C3%83O-E-PAVIMENTA%C3%87%C3%83O-DE-UM-CANTEIRO-CENTRAL-NA-RUA-ANTONIO-VAZ-RIBEIRO.pdf\">Requerimento N\u00ba 136-2017 CONSTRU\u00c7\u00c3O E PAVIMENTA\u00c7\u00c3O DE UM CANTEIRO CENTRAL NA RUA ANTONIO VAZ RIBEIRO<\/a><\/li>\n<li><a href=\"http:\/\/camarapocinhos.pb.gov.br\/novo\/wp-content\/uploads\/2020\/02\/Requerimento-N%C2%BA-143-2017-MO%C3%87%C3%83O-DE-APLAUSOS-AOS-ANSELMOS.pdf\">Requerimento N\u00ba 143-2017 MO\u00c7\u00c3O DE APLAUSOS AOS ANSELMOS<\/a><\/li>\n<li><a href=\"http:\/\/camarapocinhos.pb.gov.br\/novo\/wp-content\/uploads\/2020\/02\/Requerimento-N%C2%BA-144-2017-MO%C3%87%C3%83O-DE-APLAUSOS-GRUPO-BAL%C3%89-FOLCL%C3%93RICO.pdf\">Requerimento N\u00ba 144-2017 MO\u00c7\u00c3O DE APLAUSOS GRUPO BAL\u00c9 FOLCL\u00d3RICO<\/a><\/li>\n<li><a href=\"http:\/\/camarapocinhos.pb.gov.br\/novo\/wp-content\/uploads\/2020\/02\/Requerimento-N%C2%BA-170-2017-AUDI%C3%8ANCIA-P%C3%9ABLICA-SOBRE-SEGURAN%C3%87A-P%C3%9ABLICA.pdf\">Requerimento N\u00ba 170-2017 AUDI\u00caNCIA P\u00daBLICA SOBRE SEGURAN\u00c7A P\u00daBLICA<\/a><\/li>\n<\/ul>\n<div>&nbsp;<\/div>\n<div>\n<h2 style=\"font-family: 'League Spartan', sans-serif; color: #080809;\">2016<\/h2>\n<\/div>\n<ul>\n<li><a href=\"http:\/\/camarapocinhos.pb.gov.br\/novo\/wp-content\/uploads\/2020\/02\/Requerimento-N%C2%BA-016-2016-ESCLARECIMENTO-SOBRE-A-D%C3%8DVIDA-COM-INSS.pdf\">Requerimento N\u00ba 016 \u2013 2016 ESCLARECIMENTO SOBRE A D\u00cdVIDA COM INSS<\/a><\/li>\n<li><a href=\"http:\/\/camarapocinhos.pb.gov.br\/novo\/wp-content\/uploads\/2020\/02\/Requerimento-N%C2%BA-020-2016-A%C3%87%C3%95ES-SOBRE-OS-ANIMAIS-NA-PISTA.pdf\">Requerimento N\u00ba 020 \u2013 2016 A\u00c7\u00d5ES SOBRE OS ANIMAIS NA PISTA<\/a><\/li>\n<\/ul>\n<div>&nbsp;<\/div>\n<div>\n<h2 style=\"font-family: 'League Spartan', sans-serif; color: #080809;\">2015<\/h2>\n<\/div>\n<ul>\n<li><a href=\"http:\/\/camarapocinhos.pb.gov.br\/novo\/wp-content\/uploads\/2020\/02\/Requerimento-N%C2%BA-005-2015-%C3%94NIBUS-ESCOLAR-PARA-OS-TR%C3%8AS-TURNOS-DA-EEAC.pdf\">Requerimento N\u00ba 005 \u2013 2015 \u00d4NIBUS ESCOLAR PARA OS TR\u00caS TURNOS DA EEAC<\/a><\/li>\n<li><a href=\"http:\/\/camarapocinhos.pb.gov.br\/novo\/wp-content\/uploads\/2020\/02\/Requerimento-N%C2%BA-006-2015-BANHEIRO-FEMININO-PARA-CMP.pdf\">Requerimento N\u00ba 006 \u2013 2015 BANHEIRO FEMININO PARA CMP<\/a><\/li>\n<li><a href=\"http:\/\/camarapocinhos.pb.gov.br\/novo\/wp-content\/uploads\/2020\/02\/Requerimento-N%C2%BA-013-2015-RESOLU%C3%87%C3%83O-DA-FALTA-DE-LEITE-E-FUB%C3%81.pdf\">Requerimento N\u00ba 013 \u2013 2015 RESOLU\u00c7\u00c3O DA FALTA DE LEITE E FUB\u00c1<\/a><\/li>\n<li><a href=\"http:\/\/camarapocinhos.pb.gov.br\/novo\/wp-content\/uploads\/2020\/02\/Requerimento-N%C2%BA-022-2015-REGULARIZA%C3%87%C3%83O-DA-GREVE-POR-PARTE-DOS-PROFESSORES-DA-REDE-ESTADUAL.pdf\">Requerimento N\u00ba 022 \u2013 2015 REGULARIZA\u00c7\u00c3O DA GREVE POR PARTE DOS PROFESSORES DA REDE ESTADUAL<\/a><\/li>\n<li><a href=\"http:\/\/camarapocinhos.pb.gov.br\/novo\/wp-content\/uploads\/2020\/02\/Requerimento-N%C2%BA-024-2015-C%C3%93PIAS-DAS-LICITA%C3%87%C3%95ES-NOMEA%C3%87%C3%95ES-FOLHAS-DE-PAGAMENTO-DA-CMP-DE-JANEIRO-A-ABRIL-DE-2015.pdf\">Requerimento N\u00ba 024 \u2013 2015 C\u00d3PIAS DAS LICITA\u00c7\u00d5ES, NOMEA\u00c7\u00d5ES, FOLHAS DE PAGAMENTO DA CMP DE JANEIRO A ABRIL DE 2015<\/a><\/li>\n<li><a href=\"http:\/\/camarapocinhos.pb.gov.br\/novo\/wp-content\/uploads\/2020\/02\/Requerimento-N%C2%BA-028-2015-AUDI%C3%8ANCIA-P%C3%9ABLICA-ACERCA-DA-SITUA%C3%87%C3%83O-H%C3%8DDRICA-DO-MUNIC%C3%8DPIO.pdf\">Requerimento N\u00ba 028 \u2013 2015 AUDI\u00caNCIA P\u00daBLICA ACERCA DA SITUA\u00c7\u00c3O H\u00cdDRICA DO MUNIC\u00cdPIO<\/a><\/li>\n<li><a href=\"http:\/\/camarapocinhos.pb.gov.br\/novo\/wp-content\/uploads\/2020\/02\/Requerimento-N%C2%BA-047-2015-SESS%C3%83O-ITINERANTE-NO-DISTRITO-DE-NAZAR%C3%89.pdf\">Requerimento N\u00ba 047 \u2013 2015 SESS\u00c3O ITINERANTE NO DISTRITO DE NAZAR\u00c9<\/a><\/li>\n<li><a href=\"http:\/\/camarapocinhos.pb.gov.br\/novo\/wp-content\/uploads\/2020\/02\/Requerimento-N%C2%BA-048-2015-CONTEMPLA%C3%87%C3%83O-DE-POCINHOS-NO-PLANO-EMERGENCIAL-DA-SECA.pdf\">Requerimento N\u00ba 048 \u2013 2015 CONTEMPLA\u00c7\u00c3O DE POCINHOS NO PLANO EMERGENCIAL DA SECA<\/a><\/li>\n<li><a href=\"http:\/\/camarapocinhos.pb.gov.br\/novo\/wp-content\/uploads\/2020\/02\/Requerimento-N%C2%BA-049-2015-PRA%C3%87A-P%C3%9ABLICA-NA-RUA-PROFESSOR-JO%C3%83O-RODRIGUES.pdf\">Requerimento N\u00ba 049 \u2013 2015 PRA\u00c7A P\u00daBLICA NA RUA PROFESSOR JO\u00c3O RODRIGUES<\/a><\/li>\n<li><a href=\"http:\/\/camarapocinhos.pb.gov.br\/novo\/wp-content\/uploads\/2020\/02\/Requerimento-N%C2%BA-060-2015-CONSTRU%C3%87%C3%83O-DE-ABRIGOS-DE-APOIO-PARA-OS-MOTO-TAXIS.pdf\">Requerimento N\u00ba 060 \u2013 2015 CONSTRU\u00c7\u00c3O DE ABRIGOS DE APOIO PARA OS MOTO TAXIS<\/a><\/li>\n<\/ul>\n<div>&nbsp;<\/div>\n<div>\n<h2 style=\"font-family: 'League Spartan', sans-serif; color: #080809;\">2014<\/h2>\n<\/div>\n<ul>\n<li><a href=\"http:\/\/camarapocinhos.pb.gov.br\/novo\/wp-content\/uploads\/2020\/02\/Requerimento-N%C2%BA-011-2014-AMBUL%C3%82NCIAS-PARA-O-MUNIC%C3%8DPIO-DE-POCINHOS.pdf\">Requerimento N\u00ba 011 \u2013 2014 AMBUL\u00c2NCIAS PARA O MUNIC\u00cdPIO DE POCINHOS<\/a><\/li>\n<li><a href=\"http:\/\/camarapocinhos.pb.gov.br\/novo\/wp-content\/uploads\/2020\/02\/Requerimento-N%C2%BA-019-2014-DISTRIBUI%C3%87%C3%83O-DE-MATERIAL-ESCOLAR-E-FARDAMENTO-AOS-ALUNOS-DA-EEEM-AFONSO-CAMPOS.pdf\">Requerimento N\u00ba 019 \u2013 2014 DISTRIBUI\u00c7\u00c3O DE MATERIAL ESCOLAR E FARDAMENTO AOS ALUNOS DA EEEM AFONSO CAMPOS<\/a><\/li>\n<li><a href=\"http:\/\/camarapocinhos.pb.gov.br\/novo\/wp-content\/uploads\/2020\/02\/Requerimento-N%C2%BA-027-2014-MO%C3%87%C3%83O-DE-APLAUSOS-A-DRA.-ADRIANA-MELO.pdf\">Requerimento N\u00ba 027 \u2013 2014 MO\u00c7\u00c3O DE APLAUSOS A DRA. ADRIANA MELO<\/a><\/li>\n<li><a href=\"http:\/\/camarapocinhos.pb.gov.br\/novo\/wp-content\/uploads\/2020\/02\/Requerimento-N%C2%BA-043-2014-AUDI%C3%8ANCIA-P%C3%9ABLICA-SOBRE-O-SERVI%C3%87O-DA-PB-121.pdf\">Requerimento N\u00ba 043 \u2013 2014 AUDI\u00caNCIA P\u00daBLICA SOBRE O SERVI\u00c7O DA PB-121<\/a><\/li>\n<li><a href=\"http:\/\/camarapocinhos.pb.gov.br\/novo\/wp-content\/uploads\/2020\/02\/Requerimento-N%C2%BA-044-2014-LEGALIZA%C3%87%C3%83O-DA-LIGA%C3%87%C3%83O-DE-%C3%81GUA-AS-CASAS-DO-S%C3%8DTIO-TANQUES-KM-21-E-RAPOSA.pdf\">Requerimento N\u00ba 044 \u2013 2014 LEGALIZA\u00c7\u00c3O DA LIGA\u00c7\u00c3O DE \u00c1GUA AS CASAS DO S\u00cdTIO TANQUES, KM 21 E RAPOSA<\/a><\/li>\n<li><a href=\"http:\/\/camarapocinhos.pb.gov.br\/novo\/wp-content\/uploads\/2020\/02\/Requerimento-N%C2%BA-052-2014-A-EMPRESA-OI-PROVIDENCIE-A-EFETIVA%C3%87%C3%83O-DOS-SEUS-SERVI%C3%87OS-NO-MUNIC%C3%8DPIO.pdf\">Requerimento N\u00ba 052- 2014 A EMPRESA OI PROVIDENCIE A EFETIVA\u00c7\u00c3O DOS SEUS SERVI\u00c7OS NO MUNIC\u00cdPIO<\/a><\/li>\n<li><a href=\"http:\/\/camarapocinhos.pb.gov.br\/novo\/wp-content\/uploads\/2020\/02\/Requerimento-N%C2%BA-061-2014-INSPE%C3%87%C3%83O-NA-CONSTRU%C3%87%C3%83O-DAS-CAIXAS-D%C3%81GUA-NA-CAGEPA.pdf\">Requerimento N\u00ba 061 \u2013 2014 INSPE\u00c7\u00c3O NA CONSTRU\u00c7\u00c3O DAS CAIXAS D\u2019\u00c1GUA NA CAGEPA<\/a><\/li>\n<li><a href=\"http:\/\/camarapocinhos.pb.gov.br\/novo\/wp-content\/uploads\/2020\/02\/Requerimento-N%C2%BA-080-2014-IMPLANTA%C3%87%C3%83O-DO-SINAL-3G-NO-MUNIC%C3%8DPIO.pdf\">Requerimento N\u00ba 080 \u2013 2014 IMPLANTA\u00c7\u00c3O DO SINAL 3G NO MUNIC\u00cdPIO<\/a><\/li>\n<li><a href=\"http:\/\/camarapocinhos.pb.gov.br\/novo\/wp-content\/uploads\/2020\/02\/Requerimento-N%C2%BA-081-2014-INSTALA%C3%87%C3%83O-DE-QUEBRA-MOLAS-NO-ARRUDA.pdf\">Requerimento N\u00ba 081 \u2013 2014 INSTALA\u00c7\u00c3O DE QUEBRA MOLAS NO ARRUDA<\/a><\/li>\n<\/ul>\n<div>&nbsp;<\/div>\n<div>\n<h2 style=\"font-family: 'League Spartan', sans-serif; color: #080809;\">2013<\/h2>\n<\/div>\n<ul>\n<li><a href=\"http:\/\/camarapocinhos.pb.gov.br\/novo\/wp-content\/uploads\/2020\/02\/Requerimento-N%C2%BA-013-2013-RECUPERA%C3%87%C3%83O-DAS-CARTEIRAS-ESCOLARES-DO-MUNIC%C3%8DPIO.pdf\">Requerimento N\u00ba 013 \u2013 2013 RECUPERA\u00c7\u00c3O DAS CARTEIRAS ESCOLARES DO MUNIC\u00cdPIO<\/a><\/li>\n<li><a href=\"http:\/\/camarapocinhos.pb.gov.br\/novo\/wp-content\/uploads\/2020\/02\/Requerimento-N%C2%BA-014-2013-PRA%C3%87A-P%C3%9ABLICA-NO-KM-21.pdf\">Requerimento N\u00ba 014 \u2013 2013 PRA\u00c7A P\u00daBLICA NO KM 21<\/a><\/li>\n<li><a href=\"http:\/\/camarapocinhos.pb.gov.br\/novo\/wp-content\/uploads\/2020\/02\/Requerimento-N%C2%BA-015-2013-SESS%C3%83O-ESPECIAL-SEGURAN%C3%87A-P%C3%9ABLICA.pdf\">Requerimento N\u00ba 015 \u2013 2013 SESS\u00c3O ESPECIAL SEGURAN\u00c7A P\u00daBLICA<\/a><\/li>\n<li><a href=\"http:\/\/camarapocinhos.pb.gov.br\/novo\/wp-content\/uploads\/2020\/02\/Requerimento-N%C2%BA-016-2013-CONSTRU%C3%87%C3%83O-DE-PASSAGEM-MOLHADA-NAO-S%C3%8DTIO-TANQUES.pdf\">Requerimento N\u00ba 016 \u2013 2013 CONSTRU\u00c7\u00c3O DE PASSAGEM MOLHADA NAO S\u00cdTIO TANQUES<\/a><\/li>\n<li><a href=\"http:\/\/camarapocinhos.pb.gov.br\/novo\/wp-content\/uploads\/2020\/02\/Requerimento-N%C2%BA-017-2013-RECONSTRU%C3%87%C3%83O-DA-PONTE-QUE-LIGA-A-CIDADE-DE-POCINHOS-AO-DISTRITO-DE-NAZAR%C3%89.pdf\">Requerimento N\u00ba 017 \u2013 2013 RECONSTRU\u00c7\u00c3O DA PONTE QUE LIGA A CIDADE DE POCINHOS AO DISTRITO DE NAZAR\u00c9<\/a><\/li>\n<li><a href=\"http:\/\/camarapocinhos.pb.gov.br\/novo\/wp-content\/uploads\/2020\/02\/Requerimento-N%C2%BA-018-2013-CONSTRU%C3%87%C3%83O-DE-CISTERNAS-COMUNIT%C3%81RIAS-NO-DISTRITO-DE-NAZAR%C3%89.pdf\">Requerimento N\u00ba 018 \u2013 2013 CONSTRU\u00c7\u00c3O DE CISTERNAS COMUNIT\u00c1RIAS NO DISTRITO DE NAZAR\u00c9<\/a><\/li>\n<li><a href=\"http:\/\/camarapocinhos.pb.gov.br\/novo\/wp-content\/uploads\/2020\/02\/Requerimento-N%C2%BA-019-2013-MELHORIAS-NA-ESCOLA-DO-BAIRRO-SANTA-TEREZINHA.pdf\">Requerimento N\u00ba 019 \u2013 2013 MELHORIAS NA ESCOLA DO BAIRRO SANTA TEREZINHA<\/a><\/li>\n<li><a href=\"http:\/\/camarapocinhos.pb.gov.br\/novo\/wp-content\/uploads\/2020\/02\/Requerimento-N%C2%BA-052-2013-CONSTRU%C3%87%C3%83O-DE-PONTOS-DE-%C3%94NIBOS-PRO%C3%93XIMO-A-ESTRADA-VICINAL-DO-S%C3%8DTIO-TANQUES.pdf\">Requerimento N\u00ba 052 \u2013 2013 CONSTRU\u00c7\u00c3O DE PONTOS DE \u00d4NIBOS PRO\u00d3XIMO A ESTRADA VICINAL DO S\u00cdTIO TANQUES<\/a><\/li>\n<li><a href=\"http:\/\/camarapocinhos.pb.gov.br\/novo\/wp-content\/uploads\/2020\/02\/Requerimento-N%C2%BA-053-2013-C%C3%82MERAS-DE-MONITORAMENTO-PARA-AS-RUAS-CENTRAIS-E-AS-REPARTI%C3%87%C3%95ES-P%C3%9ABLICAS.pdf\">Requerimento N\u00ba 053 \u2013 2013 C\u00c2MERAS DE MONITORAMENTO PARA AS RUAS CENTRAIS E AS REPARTI\u00c7\u00d5ES P\u00daBLICAS<\/a><\/li>\n<li><a href=\"http:\/\/camarapocinhos.pb.gov.br\/novo\/wp-content\/uploads\/2020\/02\/Requerimento-N%C2%BA-054-2013-RETORNO-DO-TREM-DAGUA.pdf\">Requerimento N\u00ba 054 \u2013 2013 RETORNO DO TREM D\u2019AGUA<\/a><\/li>\n<li><a href=\"http:\/\/camarapocinhos.pb.gov.br\/novo\/wp-content\/uploads\/2020\/02\/Requerimento-N%C2%BA-061-2013-CONSTRU%C3%87%C3%83O-DE-SEDE-COMUNIT%C3%81RIA-DOS-CORREIOS-NO-ARRUDA.pdf\">Requerimento N\u00ba 061 \u2013 2013 CONSTRU\u00c7\u00c3O DE SEDE COMUNIT\u00c1RIA DOS CORREIOS NO ARRUDA<\/a><\/li>\n<li><a href=\"http:\/\/camarapocinhos.pb.gov.br\/novo\/wp-content\/uploads\/2020\/02\/Requerimento-N%C2%BA-062-2013-SEGURAN%C3%87A-NOTURNO-PARA-O-CMPG.pdf\">Requerimento N\u00ba 062 \u2013 2013 SEGURAN\u00c7A NOTURNO PARA O CMPG<\/a><\/li>\n<li><a href=\"http:\/\/camarapocinhos.pb.gov.br\/novo\/wp-content\/uploads\/2020\/02\/Requerimento-N%C2%BA-081-2013-ILUMINA%C3%87%C3%83O-DO-EST%C3%81DIO-DE-FUTEBOL-DO-MUNIC%C3%8DPIO.pdf\">Requerimento N\u00ba 081 \u2013 2013 ILUMINA\u00c7\u00c3O DO EST\u00c1DIO DE FUTEBOL DO MUNIC\u00cdPIO<\/a><\/li>\n<li><a href=\"http:\/\/camarapocinhos.pb.gov.br\/novo\/wp-content\/uploads\/2020\/02\/Requerimento-N%C2%BA-082-2013-ESGOTAMENTO-E-CAL%C3%87AMENTO-DE-RUAS-NOS-BAIRROS-NOVA-BRAS%C3%8DLIA-E-VILA-MAIA.pdf\">Requerimento N\u00ba 082 \u2013 2013 ESGOTAMENTO E CAL\u00c7AMENTO DE RUAS NOS BAIRROS NOVA BRAS\u00cdLIA E VILA MAIA<\/a><\/li>\n<li><a href=\"http:\/\/camarapocinhos.pb.gov.br\/novo\/wp-content\/uploads\/2020\/02\/Requerimento-N%C2%BA-105-2013-SESS%C3%95ES-INTINERANTES.pdf\">Requerimento N\u00ba 105 \u2013 2013 SESS\u00d5ES INTINERANTES<\/a><\/li>\n<li><a href=\"http:\/\/camarapocinhos.pb.gov.br\/novo\/wp-content\/uploads\/2020\/02\/Requerimento-N%C2%BA-106-2013-EPIS-PARA-OS-GARIS-DO-MUNIC%C3%8DPIO.pdf\">Requerimento N\u00ba 106 \u2013 2013 EPI\u2019S PARA OS GARIS DO MUNIC\u00cdPIO<\/a><\/li>\n<li><a href=\"http:\/\/camarapocinhos.pb.gov.br\/novo\/wp-content\/uploads\/2020\/02\/Requerimento-N%C2%BA-107-2013-CURSOS-T%C3%89CNICOS-E-PROFISSIONALIZANTES-NO-MUNIC%C3%8DPIO.pdf\">Requerimento N\u00ba 107 \u2013 2013 CURSOS T\u00c9CNICOS E PROFISSIONALIZANTES NO MUNIC\u00cdPIO<\/a><\/li>\n<li><a href=\"http:\/\/camarapocinhos.pb.gov.br\/novo\/wp-content\/uploads\/2020\/02\/Requerimento-N%C2%BA-108-2013-DIRECIONAMENTO-DE-%C3%81REA-PARA-DESENVOLVIMENTO-INDUSTRIAL.pdf\">Requerimento N\u00ba 108 \u2013 2013 DIRECIONAMENTO DE \u00c1REA PARA DESENVOLVIMENTO INDUSTRIAL<\/a><\/li>\n<li><a href=\"http:\/\/camarapocinhos.pb.gov.br\/novo\/wp-content\/uploads\/2020\/02\/Requerimento-N%C2%BA-129-2013-CAMPANHA-DE-INCENTIVO-AO-COM%C3%89RCIO-LOCAL.pdf\">Requerimento N\u00ba 129 \u2013 2013 CAMPANHA DE INCENTIVO AO COM\u00c9RCIO LOCAL<\/a><\/li>\n<li><a href=\"http:\/\/camarapocinhos.pb.gov.br\/novo\/wp-content\/uploads\/2020\/02\/Requerimento-N%C2%BA-163-2013-CAL%C3%87ADAS-E-RAMPAS-DE-ACESSIBILIDADE-NO-DISTRITO-DE-NAZAR%C3%89.pdf\">Requerimento N\u00ba 163 \u2013 2013 CAL\u00c7ADAS E RAMPAS DE ACESSIBILIDADE NO DISTRITO DE NAZAR\u00c9<\/a><\/li>\n<li><a href=\"http:\/\/camarapocinhos.pb.gov.br\/novo\/wp-content\/uploads\/2020\/02\/Requerimento-N%C2%BA-181-2013-LIMPEZA-NOS-TERRENOS-BALDIOS-DO-MUNIC%C3%8DPIO.pdf\">Requerimento N\u00ba 181 \u2013 2013 LIMPEZA NOS TERRENOS BALDIOS DO MUNIC\u00cdPIO<\/a><\/li>\n<\/ul><\/div>\n\t\t\t\t\t\t\t\t\t<div class=\"elementor-tab-title elementor-tab-mobile-title\" aria-selected=\"false\" data-tab=\"2\" role=\"tab\" tabindex=\"-1\" aria-controls=\"elementor-tab-content-1362\" aria-expanded=\"false\">Projetos de Lei<\/div>\n\t\t\t\t\t<div id=\"elementor-tab-content-1362\" class=\"elementor-tab-content elementor-clearfix\" data-tab=\"2\" role=\"tabpanel\" aria-labelledby=\"elementor-tab-title-1362\" tabindex=\"0\" hidden=\"hidden\"><ul><li><a href=\"http:\/\/camarapocinhos.pb.gov.br\/novo\/wp-content\/uploads\/2020\/02\/Projeto-de-Lei-N%C2%BA-012-2023-PROIBI%C3%87%C3%83O-DE-SOLTURA-E-MANUSEIO-DE-ARTEFATOS-PIROT%C3%89CNICOS-COM-ESTAMPIDO-ALTO.pdf\">Projeto de Lei N\u00ba 012 \u2013 2023 PROIBI\u00c7\u00c3O DE SOLTURA E MANUSEIO DE ARTEFATOS PIROT\u00c9CNICOS COM ESTAMPIDO ALTO<\/a><\/li><li><a href=\"http:\/\/camarapocinhos.pb.gov.br\/novo\/wp-content\/uploads\/2022\/01\/PL-n%C2%B0-016-2022-Ramatis-Chaves.pdf\" target=\"_blank\" rel=\"noopener noreferrer\">Projeto de Lei N\u00ba 16\/2022 DENOMINA ART\u00c9RIA P\u00daBLICA 186 : JOS\u00c9 HERCULANO DE ALMEIDA<\/a><\/li><li><a href=\"http:\/\/camarapocinhos.pb.gov.br\/novo\/wp-content\/uploads\/2021\/09\/PL-n%C2%BA-028-2021-OBRIGATORIEDADE-DA-INSER%C3%87%C3%83O-DE-UM-INTERPETRE-DE-LIBRAS-NOS-EVENTOS-OFICIAIS.pdf\">Projeto de Lei N\u00ba 028\/2021 OBRIGATORIEDADE DE UM INTERPETRE DE LIBRAS NOS EVENTOS OFICIAIS<\/a><\/li><li><a href=\"http:\/\/camarapocinhos.pb.gov.br\/novo\/wp-content\/uploads\/2021\/09\/PL-n%C2%BA-086-2020-DENOMINA-ART%C3%89RIA-P%C3%9ABLICA-184-MARIA-ALCINA-SALOM%C3%83O-DE-ALBUQUERQUE.pdf\">Projetos de Lei N\u00ba 086\/2020 DENOMINA ART\u00c9RIA P\u00daBLICA 184 : MARIA ALCINA SALOM\u00c3O<\/a><\/li><li><a href=\"http:\/\/camarapocinhos.pb.gov.br\/novo\/wp-content\/uploads\/2021\/09\/PL-n%C2%BA-084-2020-DENOMINA-ART%C3%89RIA-P%C3%9ABLICA-182-M%C3%81RIO-CAVALCANTI-LEAL.pdf\">Projetos de Lei N\u00ba 084\/2020 DENOMINA ART\u00c9RIA P\u00daBLICA 182 : M\u00c1RIO CAVALCANTI LEAL<\/a><\/li><li><a href=\"http:\/\/camarapocinhos.pb.gov.br\/novo\/wp-content\/uploads\/2021\/09\/PL-n%C2%BA-079-2020-DENOMINA-ART%C3%89RIA-P%C3%9ABLICA-180-FRANCISCO-DE-ASSIS-SILVA.pdf\">Projetos de Lei N\u00ba 079\/2020 DENOMINA ART\u00c9RIA P\u00daBLICA 180 : FRANCISCO DE ASSIS SILVA<\/a><\/li><li><a href=\"http:\/\/camarapocinhos.pb.gov.br\/novo\/wp-content\/uploads\/2021\/09\/PL-n%C2%BA-078-2020-DENOMINA-ART%C3%89RIA-P%C3%9ABLICA-183-JOSE-FERREIRA-DE-SOUTO.pdf\">Projetos de Lei N\u00ba 078\/2020 DENOMINA ART\u00c9RIA P\u00daBLICA 183 : JOSE FERREIRA DE SOUTO<\/a><\/li><li><a href=\"http:\/\/camarapocinhos.pb.gov.br\/novo\/wp-content\/uploads\/2018\/02\/Projeto-de-Lei-n%C2%BA-029-2018-DENOMINA-ART%C3%89RIA-P%C3%9ABLICA-154-FAUSTO-BATISTA-GUIMAR%C3%83ES.pdf\">Projeto de Lei N\u00ba 029\/2018 DENOMINA ART\u00c9RIA P\u00daBLICA 154 FAUSTO BATISTA GUIMAR\u00c3ES<\/a><\/li><li><a href=\"http:\/\/camarapocinhos.pb.gov.br\/novo\/wp-content\/uploads\/2018\/02\/Projeto-de-Lei-n%C2%BA-028-2018-DENOMINA-ART%C3%89RIA-P%C3%9ABLICA-096-MARIA-JOS%C3%89-GUIMAR%C3%83ES.pdf\">Projeto de Lei N\u00ba 028\/2018 DENOMINA ART\u00c9RIA P\u00daBLICA 096 \u2013 MARIA JOS\u00c9 GUIMAR\u00c3ES<\/a><\/li><\/ul><\/div>\n\t\t\t\t\t\t\t\t\t<div class=\"elementor-tab-title elementor-tab-mobile-title\" aria-selected=\"false\" data-tab=\"3\" role=\"tab\" tabindex=\"-1\" aria-controls=\"elementor-tab-content-1363\" aria-expanded=\"false\">Decretos Legislativos<\/div>\n\t\t\t\t\t<div id=\"elementor-tab-content-1363\" class=\"elementor-tab-content elementor-clearfix\" data-tab=\"3\" role=\"tabpanel\" aria-labelledby=\"elementor-tab-title-1363\" tabindex=\"0\" hidden=\"hidden\"><h2>2025<\/h2><div><ul><li><a href=\"https:\/\/camarapocinhos.pb.gov.br\/site\/wp-content\/uploads\/2025\/01\/PL-DECRETO-N\u00b0007-2025.pdf\">Projeto de Decreto Legislativo N\u00b0007-2025 Concede T\u00edtulo de Cidad\u00e3o Pocinhence ao Sr. Marciel Frutoso de Farias e d\u00e1 outras provid\u00eancias.<\/a><\/li><\/ul><\/div><h2>2023<\/h2><ul><li><a href=\"http:\/\/camarapocinhos.pb.gov.br\/novo\/wp-content\/uploads\/2023\/01\/Projeto-de-Decreto-N%C2%BA-001-2023-T%C3%8DTULO-HONOR%C3%81RIO-DE-POCINHOS-AO-SENHOR-FRANKLANE-M%C3%81RCIO-DE-ALMEIDA-NASCIMENTO.pdf\">Projeto de Decreto N\u00ba 001\/2023 T\u00cdTULO HONOR\u00c1RIO DE POCINHOS AO SENHOR FRANKLANE M\u00c1RCIO DE ALMEIDA<\/a><\/li><li><a href=\"http:\/\/camarapocinhos.pb.gov.br\/novo\/wp-content\/uploads\/2023\/01\/Projeto-de-Decreto-N%C2%BA-001-2023-T%C3%8DTULO-HONOR%C3%81RIO-DE-POCINHOS-AO-SENHOR-FRANKLANE-M%C3%81RCIO-DE-ALMEIDA-NASCIMENTO.pdf\">NASCIMENTO<\/a><\/li><li><a href=\"http:\/\/camarapocinhos.pb.gov.br\/novo\/wp-content\/uploads\/2023\/01\/Projeto-de-Decreto-Legislativo-N%C2%BA-006-2023-T%C3%8DTULO-DE-CIDAD%C3%83-HONOR%C3%81RIA-A-ANA-MUNIZ.pdf\">Projeto de Decreto Legislativo N\u00ba 006 \u2013 2023 T\u00cdTULO DE CIDAD\u00c3 HONOR\u00c1RIA A ANA MUNIZ<\/a><\/li><\/ul><h2><b>2021<\/b><\/h2><ul><li><a href=\"http:\/\/camarapocinhos.pb.gov.br\/novo\/wp-content\/uploads\/2021\/09\/dl01.pdf\" target=\"_blank\" rel=\"noopener noreferrer\">Projeto de Decreto Legislativo N\u00ba 01\/2021 T\u00cdTULO CIDAD\u00c3O HONOR\u00c1RIO \u00c0 M\u00c1RCIO QU\u00caNIO GUIMAR\u00c3ES<\/a><\/li><\/ul><h2><b>2017<\/b><\/h2><ul><li><a href=\"http:\/\/camarapocinhos.pb.gov.br\/novo\/wp-content\/uploads\/2017\/09\/PDL-n%C2%BA-004-2017-T%C3%8DTULO-DE-CIDAD%C3%83O-HONOR%C3%81RIO-LUIZ-GONZAGA-PEREIRA-DE-MELO-FILHO.pdf\">Projeto de Decreto Legislativo N\u00ba 004\/2017 T\u00cdTULO DE CIDAD\u00c3O HONOR\u00c1RIO LUIZ GONZAGA PEREIRA DE MELO FILHO<\/a><\/li><\/ul><h2><b>2016<\/b><\/h2><ul><li><a href=\"http:\/\/camarapocinhos.pb.gov.br\/novo\/wp-content\/uploads\/2016\/02\/Projeto-de-Decreto-Legislativo-n%C2%BA-001-2016-T%C3%8DTULO-DE-CIDAD%C3%83-HONOR%C3%8DFICA-ADRIANA-SUELY-DE-OLIVEIRA-MELO.pdf\">Projeto de Decreto Legislativo N\u00ba 001\/2016 T\u00cdTULO DE CIDAD\u00c3 HONOR\u00cdFICA ADRIANA SUELY DE OLIVEIRA MELO<\/a><\/li><\/ul><h2><b>2015<\/b><\/h2><ul><li><a href=\"http:\/\/camarapocinhos.pb.gov.br\/novo\/wp-content\/uploads\/2015\/02\/Projeto-de-Decreto-Legislativo-n%C2%BA-006-2015-T%C3%8DTULO-CIDAD%C3%83O-POCINHENSE-FRANCISCO-DAS-CHAGAS-MORAIS.pdf\">Projeto de Decreto Legislativo n\u00ba 006\/2015 T\u00cdTULO CIDAD\u00c3O POCINHENSE FRANCISCO DAS CHAGAS MORAIS<\/a><\/li><li><a href=\"http:\/\/camarapocinhos.pb.gov.br\/novo\/wp-content\/uploads\/2015\/02\/Projeto-de-Decreto-Legislativo-n%C2%BA-002-2015-T%C3%8DTULO-DE-CIDAD%C3%83O-POCINHENSE-FRANCISCO-DAS-CHAGAS-MORAIS.pdf\">Projeto de Decreto Legislativo n\u00ba 002\/2015 T\u00cdTULO DE CIDAD\u00c3O POCINHENSE FRANCISCO DAS CHAGAS MORAIS<\/a><\/li><\/ul><\/div>\n\t\t\t\t\t\t\t\t\t<div class=\"elementor-tab-title elementor-tab-mobile-title\" aria-selected=\"false\" data-tab=\"4\" role=\"tab\" tabindex=\"-1\" aria-controls=\"elementor-tab-content-1364\" aria-expanded=\"false\">Indica\u00e7\u00f5es<\/div>\n\t\t\t\t\t<div id=\"elementor-tab-content-1364\" class=\"elementor-tab-content elementor-clearfix\" data-tab=\"4\" role=\"tabpanel\" aria-labelledby=\"elementor-tab-title-1364\" tabindex=\"0\" hidden=\"hidden\"><ul><li style=\"list-style-type: none;\"><ul><li><a style=\"transition-property: all; background-color: var(--body-bg); font-family: var(--body-font);\" href=\"https:\/\/camarapocinhos.pb.gov.br\/site\/wp-content\/uploads\/2025\/01\/INDICACAO-N%C2%B0-003-2025.pdf\">Indica\u00e7\u00e3o N\u00b0 003-2025 Solicita a implanta\u00e7\u00e3o de banheiros p\u00fablicos no distrito de Nazar\u00e9<\/a><\/li><li><a style=\"font-family: var(--body-font); background-color: var(--body-bg);\" href=\"https:\/\/camarapocinhos.pb.gov.br\/site\/wp-content\/uploads\/2025\/01\/INDICACAO-N%C2%B0002-2025.pdf\">Indica\u00e7\u00e3o N\u00b0 002-2025 Solicita a implanta\u00e7\u00e3o de uma central de vel\u00f3rios no distrito de Nazar\u00e9\u00a0\u00a0<\/a><\/li><li><a style=\"background-color: var(--body-bg); font-family: var(--body-font);\" href=\"https:\/\/camarapocinhos.pb.gov.br\/site\/wp-content\/uploads\/2025\/01\/INDICACAO-N%C2%B0001-2025.pdf\">Indica\u00e7\u00e3o N\u00b0001-2025 Sugere a realiza\u00e7\u00e3o de um novo concurso p\u00fablico<\/a><\/li><li><a href=\"http:\/\/camarapocinhos.pb.gov.br\/novo\/wp-content\/uploads\/2023\/01\/Indica%C3%A7%C3%A3o-N%C2%BA-002-2023-IMPLANTA%C3%87%C3%83O-E-REGULAMENTA%C3%87%C3%83O-DE-PORTAS-ELETR%C3%94NICAS-COM-DETECTORES-DE-METAIS-NAS-ESCOLAS-DO-MUNIC%C3%8DPIO.pdf\">Indica\u00e7\u00e3o N\u00ba 002\/2023 IMPLANTA\u00c7\u00c3O E REGULAMENTA\u00c7\u00c3O DE PORTAS ELETR\u00d4NICAS COM DETECTORES DE METAIS NAS ESCOLAS DO MUNIC\u00cdPIO<\/a><\/li><li><a href=\"http:\/\/camarapocinhos.pb.gov.br\/novo\/wp-content\/uploads\/2023\/01\/Indica%C3%A7%C3%A3o-N%C2%BA-006-2023-CASTRAM%C3%93VEL-PARA-O-MUNIC%C3%8DPIO-DE-POCINHOS.pdf\">Indica\u00e7\u00e3o N\u00ba 006 \u2013 2023 CASTRAM\u00d3VEL PARA O MUNIC\u00cdPIO DE POCINHOS<\/a><\/li><li><a href=\"http:\/\/camarapocinhos.pb.gov.br\/novo\/wp-content\/uploads\/2023\/01\/Indica%C3%A7%C3%A3o-N%C2%BA-007-2023-IMPLANTA%C3%87%C3%83O-DE-UMA-CENTRAL-DE-VEL%C3%93RIOS.pdf\">Indica\u00e7\u00e3o N\u00ba 007 \u2013 2023 IMPLANTA\u00c7\u00c3O DE UMA CENTRAL DE VEL\u00d3RIOS<\/a><\/li><li><a href=\"http:\/\/camarapocinhos.pb.gov.br\/novo\/wp-content\/uploads\/2023\/01\/INDICA%C3%87%C3%83O-n%C2%BA-008-2023-CONCEDE-GRATIFICA%C3%87%C3%83O-AOS-MOTORISTAS-DA-SECRETARIA-DE-SA%C3%9ADE-DO-MUNIC%C3%8DPIO.pdf\">INDICA\u00c7\u00c3O n\u00ba 008 \u2013 2023 CONCEDE GRATIFICA\u00c7\u00c3O AOS MOTORISTAS DA SECRETARIA DE SA\u00daDE DO MUNIC\u00cdPIO<\/a><\/li><\/ul><\/li><\/ul><\/div>\n\t\t\t\t\t\t\t<\/div>\n\t\t<\/div>\n\t\t\t\t<\/div>\n\t\t\t\t<\/div>\n\t\t\t\t<\/div>\n\t\t\t\t\t<\/div>\n\t\t\t\t<\/div>\n\t\t\t\t<\/div>\n\t\t","protected":false},"excerpt":{"rendered":"<p>Ramatis Chaves Costa Filho de Cl\u00f3vis Chaves e Celina Apolin\u00e1rio, irm\u00e3o do ex-vereador Cl\u00f3vis Chaves Filho e do ex-prefeito Cl\u00e1udio Chaves, com mais seis irm\u00e3os, totalizando nove na fam\u00edlia. Casado com Joanita Paulino, \u00e9 pai de dois filhos e reside em Pocinhos. Iniciou sua trajet\u00f3ria pol\u00edtica no gr\u00eamio estudantil da Escola Municipal Padre Galv\u00e3o, onde&#8230;<\/p>\n","protected":false},"author":1,"featured_media":0,"parent":0,"menu_order":0,"comment_status":"closed","ping_status":"closed","template":"","meta":{"footnotes":""},"class_list":["post-4810","page","type-page","status-publish","hentry"],"_links":{"self":[{"href":"https:\/\/camarapocinhos.pb.gov.br\/site\/wp-json\/wp\/v2\/pages\/4810","targetHints":{"allow":["GET"]}}],"collection":[{"href":"https:\/\/camarapocinhos.pb.gov.br\/site\/wp-json\/wp\/v2\/pages"}],"about":[{"href":"https:\/\/camarapocinhos.pb.gov.br\/site\/wp-json\/wp\/v2\/types\/page"}],"author":[{"embeddable":true,"href":"https:\/\/camarapocinhos.pb.gov.br\/site\/wp-json\/wp\/v2\/users\/1"}],"replies":[{"embeddable":true,"href":"https:\/\/camarapocinhos.pb.gov.br\/site\/wp-json\/wp\/v2\/comments?post=4810"}],"version-history":[{"count":40,"href":"https:\/\/camarapocinhos.pb.gov.br\/site\/wp-json\/wp\/v2\/pages\/4810\/revisions"}],"predecessor-version":[{"id":6547,"href":"https:\/\/camarapocinhos.pb.gov.br\/site\/wp-json\/wp\/v2\/pages\/4810\/revisions\/6547"}],"wp:attachment":[{"href":"https:\/\/camarapocinhos.pb.gov.br\/site\/wp-json\/wp\/v2\/media?parent=4810"}],"curies":[{"name":"wp","href":"https:\/\/api.w.org\/{rel}","templated":true}]}}