{"id":4816,"date":"2025-01-09T22:48:36","date_gmt":"2025-01-09T22:48:36","guid":{"rendered":"https:\/\/camarapocinhos.pb.gov.br\/site\/?page_id=4816"},"modified":"2025-05-06T11:24:01","modified_gmt":"2025-05-06T14:24:01","slug":"monica-pereira","status":"publish","type":"page","link":"https:\/\/camarapocinhos.pb.gov.br\/site\/monica-pereira\/","title":{"rendered":"M\u00f4nica Pereira"},"content":{"rendered":"\t\t<div data-elementor-type=\"wp-page\" data-elementor-id=\"4816\" class=\"elementor elementor-4816\">\n\t\t\t\t<div class=\"elementor-element elementor-element-72e953c e-flex e-con-boxed e-con e-parent\" data-id=\"72e953c\" data-element_type=\"container\" data-core-v316-plus=\"true\">\n\t\t\t\t\t<div class=\"e-con-inner\">\n\t\t<div class=\"elementor-element elementor-element-84281a7 e-con-full e-flex e-con e-child\" data-id=\"84281a7\" data-element_type=\"container\">\n\t\t\r\n\t\t<div class=\"elementor-element elementor-element-3086988 elementor-widget elementor-widget-image\" data-id=\"3086988\" data-element_type=\"widget\" data-widget_type=\"image.default\">\n\t\t\t\t<div class=\"elementor-widget-container\">\n\t\t\t<style>\/*! elementor - v3.20.0 - 26-03-2024 *\/\n.elementor-widget-image{text-align:center}.elementor-widget-image a{display:inline-block}.elementor-widget-image a img[src$=\".svg\"]{width:48px}.elementor-widget-image img{vertical-align:middle;display:inline-block}<\/style>\t\t\t\t\t\t\t\t\t\t<img decoding=\"async\" width=\"161\" height=\"225\" src=\"https:\/\/camarapocinhos.pb.gov.br\/site\/wp-content\/uploads\/2025\/01\/foto-6.jpg\" class=\"attachment-large size-large wp-image-4818\" alt=\"\" \/>\t\t\t\t\t\t\t\t\t\t\t\t\t<\/div>\n\t\t\t\t<\/div>\n\t\t\t\t<\/div>\n\t\t<div class=\"elementor-element elementor-element-a91b3ab e-con-full e-flex e-con e-child\" data-id=\"a91b3ab\" data-element_type=\"container\">\n\t\t\t\t<div class=\"elementor-element elementor-element-8d99402 elementor-widget elementor-widget-heading\" data-id=\"8d99402\" data-element_type=\"widget\" data-widget_type=\"heading.default\">\n\t\t\t\t<div class=\"elementor-widget-container\">\n\t\t\t<style>\/*! elementor - v3.20.0 - 26-03-2024 *\/\n.elementor-heading-title{padding:0;margin:0;line-height:1}.elementor-widget-heading .elementor-heading-title[class*=elementor-size-]>a{color:inherit;font-size:inherit;line-height:inherit}.elementor-widget-heading .elementor-heading-title.elementor-size-small{font-size:15px}.elementor-widget-heading .elementor-heading-title.elementor-size-medium{font-size:19px}.elementor-widget-heading .elementor-heading-title.elementor-size-large{font-size:29px}.elementor-widget-heading .elementor-heading-title.elementor-size-xl{font-size:39px}.elementor-widget-heading .elementor-heading-title.elementor-size-xxl{font-size:59px}<\/style><h2 class=\"elementor-heading-title elementor-size-default\">M\u00f4nica Pereira da Costa Azevedo<\/h2>\t\t<\/div>\n\t\t\t\t<\/div>\n\t\t\t\t<div class=\"elementor-element elementor-element-1891090 elementor-widget elementor-widget-text-editor\" data-id=\"1891090\" data-element_type=\"widget\" data-widget_type=\"text-editor.default\">\n\t\t\t\t<div class=\"elementor-widget-container\">\n\t\t\t<style>\/*! elementor - v3.20.0 - 26-03-2024 *\/\n.elementor-widget-text-editor.elementor-drop-cap-view-stacked .elementor-drop-cap{background-color:#69727d;color:#fff}.elementor-widget-text-editor.elementor-drop-cap-view-framed .elementor-drop-cap{color:#69727d;border:3px solid;background-color:transparent}.elementor-widget-text-editor:not(.elementor-drop-cap-view-default) .elementor-drop-cap{margin-top:8px}.elementor-widget-text-editor:not(.elementor-drop-cap-view-default) .elementor-drop-cap-letter{width:1em;height:1em}.elementor-widget-text-editor .elementor-drop-cap{float:left;text-align:center;line-height:1;font-size:50px}.elementor-widget-text-editor .elementor-drop-cap-letter{display:inline-block}<\/style>\t\t\t\t<p>De 44 anos, casada e m\u00e3e de duas filhas. Funcion\u00e1ria p\u00fablica e natural de Pocinhos, est\u00e1 no quarto mandato como vereadora. Comprometida com a qualidade de vida da popula\u00e7\u00e3o, dedica-se a trabalhar pelos mais\u00a0necessitados.<\/p><p>\u00a0<\/p><p>Partido Atual: PSB<br \/>Data de Nascimento: 29\/10\/1980<br \/>Naturalidade: Pocinhos \u2013 PB<br \/>Grau de Instru\u00e7\u00e3o: ENSINO M\u00c9DIO COMPLETO<\/p>\t\t\t\t\t\t<\/div>\n\t\t\t\t<\/div>\n\t\t\t\t<div class=\"elementor-element elementor-element-81d73b1 elementor-tabs-view-horizontal elementor-widget elementor-widget-tabs\" data-id=\"81d73b1\" data-element_type=\"widget\" data-widget_type=\"tabs.default\">\n\t\t\t\t<div class=\"elementor-widget-container\">\n\t\t\t<style>\/*! elementor - v3.20.0 - 26-03-2024 *\/\n.elementor-widget-tabs.elementor-tabs-view-vertical .elementor-tabs-wrapper{width:25%;flex-shrink:0}.elementor-widget-tabs.elementor-tabs-view-vertical .elementor-tab-desktop-title.elementor-active{border-right-style:none}.elementor-widget-tabs.elementor-tabs-view-vertical .elementor-tab-desktop-title.elementor-active:after,.elementor-widget-tabs.elementor-tabs-view-vertical .elementor-tab-desktop-title.elementor-active:before{height:999em;width:0;right:0;border-right-style:solid}.elementor-widget-tabs.elementor-tabs-view-vertical .elementor-tab-desktop-title.elementor-active:before{top:0;transform:translateY(-100%)}.elementor-widget-tabs.elementor-tabs-view-vertical .elementor-tab-desktop-title.elementor-active:after{top:100%}.elementor-widget-tabs.elementor-tabs-view-horizontal .elementor-tab-desktop-title{display:table-cell}.elementor-widget-tabs.elementor-tabs-view-horizontal .elementor-tab-desktop-title.elementor-active{border-bottom-style:none}.elementor-widget-tabs.elementor-tabs-view-horizontal .elementor-tab-desktop-title.elementor-active:after,.elementor-widget-tabs.elementor-tabs-view-horizontal .elementor-tab-desktop-title.elementor-active:before{bottom:0;height:0;width:999em;border-bottom-style:solid}.elementor-widget-tabs.elementor-tabs-view-horizontal .elementor-tab-desktop-title.elementor-active:before{right:100%}.elementor-widget-tabs.elementor-tabs-view-horizontal .elementor-tab-desktop-title.elementor-active:after{left:100%}.elementor-widget-tabs .elementor-tab-content,.elementor-widget-tabs .elementor-tab-title,.elementor-widget-tabs .elementor-tab-title:after,.elementor-widget-tabs .elementor-tab-title:before,.elementor-widget-tabs .elementor-tabs-content-wrapper{border:1px #d5d8dc}.elementor-widget-tabs .elementor-tabs{text-align:left}.elementor-widget-tabs .elementor-tabs-wrapper{overflow:hidden}.elementor-widget-tabs .elementor-tab-title{cursor:pointer;outline:var(--focus-outline,none)}.elementor-widget-tabs .elementor-tab-desktop-title{position:relative;padding:20px 25px;font-weight:700;line-height:1;border:solid transparent}.elementor-widget-tabs .elementor-tab-desktop-title.elementor-active{border-color:#d5d8dc}.elementor-widget-tabs .elementor-tab-desktop-title.elementor-active:after,.elementor-widget-tabs .elementor-tab-desktop-title.elementor-active:before{display:block;content:\"\";position:absolute}.elementor-widget-tabs .elementor-tab-desktop-title:focus-visible{border:1px solid #000}.elementor-widget-tabs .elementor-tab-mobile-title{padding:10px;cursor:pointer}.elementor-widget-tabs .elementor-tab-content{padding:20px;display:none}@media (max-width:767px){.elementor-tabs .elementor-tab-content,.elementor-tabs .elementor-tab-title{border-style:solid solid none}.elementor-tabs .elementor-tabs-wrapper{display:none}.elementor-tabs .elementor-tabs-content-wrapper{border-bottom-style:solid}.elementor-tabs .elementor-tab-content{padding:10px}}@media (min-width:768px){.elementor-widget-tabs.elementor-tabs-view-vertical .elementor-tabs{display:flex}.elementor-widget-tabs.elementor-tabs-view-vertical .elementor-tabs-wrapper{flex-direction:column}.elementor-widget-tabs.elementor-tabs-view-vertical .elementor-tabs-content-wrapper{flex-grow:1;border-style:solid solid solid none}.elementor-widget-tabs.elementor-tabs-view-horizontal .elementor-tab-content{border-style:none solid solid}.elementor-widget-tabs.elementor-tabs-alignment-center .elementor-tabs-wrapper,.elementor-widget-tabs.elementor-tabs-alignment-end .elementor-tabs-wrapper,.elementor-widget-tabs.elementor-tabs-alignment-stretch .elementor-tabs-wrapper{display:flex}.elementor-widget-tabs.elementor-tabs-alignment-center .elementor-tabs-wrapper{justify-content:center}.elementor-widget-tabs.elementor-tabs-alignment-end .elementor-tabs-wrapper{justify-content:flex-end}.elementor-widget-tabs.elementor-tabs-alignment-stretch.elementor-tabs-view-horizontal .elementor-tab-title{width:100%}.elementor-widget-tabs.elementor-tabs-alignment-stretch.elementor-tabs-view-vertical .elementor-tab-title{height:100%}.elementor-tabs .elementor-tab-mobile-title{display:none}}<\/style>\t\t<div class=\"elementor-tabs\">\n\t\t\t<div class=\"elementor-tabs-wrapper\" role=\"tablist\" >\n\t\t\t\t\t\t\t\t\t<div id=\"elementor-tab-title-1361\" class=\"elementor-tab-title elementor-tab-desktop-title\" aria-selected=\"true\" data-tab=\"1\" role=\"tab\" tabindex=\"0\" aria-controls=\"elementor-tab-content-1361\" aria-expanded=\"false\">Requerimentos<\/div>\n\t\t\t\t\t\t\t\t\t<div id=\"elementor-tab-title-1362\" class=\"elementor-tab-title elementor-tab-desktop-title\" aria-selected=\"false\" data-tab=\"2\" role=\"tab\" tabindex=\"-1\" aria-controls=\"elementor-tab-content-1362\" aria-expanded=\"false\">Projetos de Lei<\/div>\n\t\t\t\t\t\t\t\t\t<div id=\"elementor-tab-title-1363\" class=\"elementor-tab-title elementor-tab-desktop-title\" aria-selected=\"false\" data-tab=\"3\" role=\"tab\" tabindex=\"-1\" aria-controls=\"elementor-tab-content-1363\" aria-expanded=\"false\">Decretos Legislativos<\/div>\n\t\t\t\t\t\t\t\t\t<div id=\"elementor-tab-title-1364\" class=\"elementor-tab-title elementor-tab-desktop-title\" aria-selected=\"false\" data-tab=\"4\" role=\"tab\" tabindex=\"-1\" aria-controls=\"elementor-tab-content-1364\" aria-expanded=\"false\">Indica\u00e7\u00f5es<\/div>\n\t\t\t\t\t\t\t<\/div>\n\t\t\t<div class=\"elementor-tabs-content-wrapper\" role=\"tablist\" aria-orientation=\"vertical\">\n\t\t\t\t\t\t\t\t\t<div class=\"elementor-tab-title elementor-tab-mobile-title\" aria-selected=\"true\" data-tab=\"1\" role=\"tab\" tabindex=\"0\" aria-controls=\"elementor-tab-content-1361\" aria-expanded=\"false\">Requerimentos<\/div>\n\t\t\t\t\t<div id=\"elementor-tab-content-1361\" class=\"elementor-tab-content elementor-clearfix\" data-tab=\"1\" role=\"tabpanel\" aria-labelledby=\"elementor-tab-title-1361\" tabindex=\"0\" hidden=\"false\"><h2><b>2025<\/b><\/h2>\n<ul>\n<li><a href=\"https:\/\/camarapocinhos.pb.gov.br\/site\/wp-content\/uploads\/2025\/01\/REQUERIMENTO-No012-2025.pdf\">Requerimento N\u00ba012-2025 Solicita a viabilidade da constru\u00e7\u00e3o de uma barragem no Distrito de Nazar\u00e9<\/a>&nbsp;<\/li><\/ul>\n<div>\n<h2 style=\"font-family: 'League Spartan', sans-serif; color: #080809;\">2024<\/h2>\n<\/div>\n<ul>\n<li><a href=\"http:\/\/camarapocinhos.pb.gov.br\/novo\/wp-content\/uploads\/2024\/02\/REQ-N%C2%BA-052-2024.pdf\">Requerimento N\u00ba 052\/2024 SOLICITA A LIGA\u00c7\u00c3O ENTRE A RUA ABILIO INACIO E RUA MANUEL DIOCLECIANO<\/a><\/li>\n<\/ul>\n<div>&nbsp;<\/div>\n<div>\n<h2 style=\"font-family: 'League Spartan', sans-serif; color: #080809;\">2023<\/h2>\n<\/div>\n<ul>\n<li><a href=\"http:\/\/camarapocinhos.pb.gov.br\/novo\/wp-content\/uploads\/2023\/01\/Requerimento-n%C2%BA-003-2023-RECUPERA%C3%87%C3%83O-DA-ESTRADA-QUE-LIGA-A-BR-230-AO-ASSENTAMENTO-1%C2%BA-DE-MAIO.pdf\">Requerimento n\u00ba 003\/2023 RECUPERA\u00c7\u00c3O DA ESTRADA QUE LIGA A BR 230 AO ASSENTAMENTO 1\u00ba DE MAIO<\/a><\/li>\n<li><a href=\"http:\/\/camarapocinhos.pb.gov.br\/novo\/wp-content\/uploads\/2023\/01\/Requerimeno-n%C2%BA-004-2023-AMPLIA%C3%87%C3%83O-E-REFORMA-A-PRA%C3%87A-JO%C3%83O-MANOEL-DE-OLIVEIRA.pdf\">Requerimento n\u00ba 004\/2023 AMPLIA\u00c7\u00c3O E REFORMA A PRA\u00c7A JO\u00c3O MANOEL DE OLIVEIRA<\/a><\/li>\n<li><a href=\"http:\/\/camarapocinhos.pb.gov.br\/novo\/wp-content\/uploads\/2023\/01\/Requerimento-N%C2%BA-035-2023-RECUPERA%C3%87%C3%83O-DA-PRA%C3%87A-DO-CHAFARIZ-NO-BAIRRO-TIRADENTES.pdf\">Requerimento N\u00ba 035\/2023 RECUPERA\u00c7\u00c3O DA PRA\u00c7A DO CHAFARIZ NO BAIRRO TIRADENTES<\/a><\/li>\n<li><a href=\"http:\/\/camarapocinhos.pb.gov.br\/novo\/wp-content\/uploads\/2023\/01\/Requerimento-N%C2%BA-036-2023-RECUPERA%C3%87%C3%83O-DO-CHAFARIZ-NO-BAIRRO-TIRADENTES.pdf\">Requerimento N\u00ba 036\/2023 RECUPERA\u00c7\u00c3O DO CHAFARIZ NO BAIRRO TIRADENTES<\/a><\/li>\n<li><a href=\"http:\/\/camarapocinhos.pb.gov.br\/novo\/wp-content\/uploads\/2023\/01\/Requerimento-N%C2%BA-045-2023-MO%C3%87%C3%83O-DE-APLAUSOS-A-EQUIPE-DE-NUTRI%C3%87%C3%83O-DO-CMPG.pdf\">Requerimento N\u00ba 045 \u2013 2023 MO\u00c7\u00c3O DE APLAUSOS A EQUIPE DE NUTRI\u00c7\u00c3O DO CMPG<\/a><\/li>\n<li><a href=\"http:\/\/camarapocinhos.pb.gov.br\/novo\/wp-content\/uploads\/2023\/01\/Requerimento-N%C2%BA-087-2023-AMPLIA%C3%87%C3%83O-DA-ESCOLA-MUNICIPAL-CASTRO-ALVES.pdf\">Requerimento N\u00ba 087 \u2013 2023 AMPLIA\u00c7\u00c3O DA ESCOLA MUNICIPAL CASTRO ALVES<\/a><\/li>\n<li><a href=\"http:\/\/camarapocinhos.pb.gov.br\/novo\/wp-content\/uploads\/2023\/01\/Requerimento-N%C2%BA-116-2023-EXTENS%C3%83O-DA-REDE-DE-ABASTECIMENTO-DE-%C3%81GUA-DESTA-CIDADE.pdf\">Requerimento N\u00ba 116 \u2013 2023 EXTENS\u00c3O DA REDE DE ABASTECIMENTO DE \u00c1GUA DESTA CIDADE<\/a><\/li>\n<\/ul>\n<div>&nbsp;<\/div>\n<div>\n<h2 style=\"font-family: 'League Spartan', sans-serif; color: #080809;\">2021<\/h2>\n<\/div>\n<ul>\n<li><a href=\"http:\/\/camarapocinhos.pb.gov.br\/novo\/wp-content\/uploads\/2021\/09\/Requerimento-n%C2%BA-013-2021-LIMPEZA-DOS-BARREIROS-DO-MUNIC%C3%8DPIO.pdf\">Requerimento n\u00ba 013 \u2013 2021 LIMPEZA DOS BARREIROS DO MUNIC\u00cdPIO<\/a><\/li>\n<li><a href=\"http:\/\/camarapocinhos.pb.gov.br\/novo\/wp-content\/uploads\/2021\/09\/Requerimento-n%C2%BA-032-2021-CONTRU%C3%87%C3%83O-DE-PRA%C3%87A-E-ACADEMIA-POPULAR-EM-FRENTE-A-F%C3%81BRICA-DE-%C3%93LEO-DE-MAMONA.pdf\">Requerimento n\u00ba 032 \u2013 2021 CONTRU\u00c7\u00c3O DE PRA\u00c7A E ACADEMIA POPULAR EM FRENTE A F\u00c1BRICA DE \u00d3LEO DE MAMONA<\/a><\/li>\n<\/ul>\n<div>&nbsp;<\/div>\n<div>\n<h2 style=\"font-family: 'League Spartan', sans-serif; color: #080809;\">2019<\/h2>\n<\/div>\n<ul>\n<li><a href=\"http:\/\/camarapocinhos.pb.gov.br\/novo\/wp-content\/uploads\/2021\/09\/Requerimento-n%C2%BA-001-2019-RECUPERA%C3%87%C3%83O-DAS-ESTRADAS-VICINAIS-DA-ZONA-RURAL.pdf\">Requerimento n\u00ba 001 \u2013 2019 RECUPERA\u00c7\u00c3O DAS ESTRADAS VICINAIS DA ZONA RURAL<\/a><\/li>\n<li><a href=\"http:\/\/camarapocinhos.pb.gov.br\/novo\/wp-content\/uploads\/2021\/09\/Requerimento-n%C2%BA-002-2019-CORTE-DE-TERRAS-NA-ZONA-RURAL.pdf\">Requerimento n\u00ba 002 \u2013 2019 CORTE DE TERRAS NA ZONA RURAL<\/a><\/li>\n<li><a href=\"http:\/\/camarapocinhos.pb.gov.br\/novo\/wp-content\/uploads\/2021\/09\/Requerimento-n%C2%BA-046-2019-PODA-DAS-%C3%81RVORES-DO-CANTEIRO-CENTRAL-DO-DISTRITO-DE-NAZR%C3%89.pdf\">Requerimento n\u00ba 046 \u2013 2019 PODA DAS \u00c1RVORES DO CANTEIRO CENTRAL DO DISTRITO DE NAZR\u00c9<\/a><\/li>\n<li><a href=\"http:\/\/camarapocinhos.pb.gov.br\/novo\/wp-content\/uploads\/2021\/09\/Requerimento-n%C2%BA-047-2019-RETOMADA-DE-ATENDIMENTO-ODONTOL%C3%93GICO-NAZAR%C3%89-E-BOQUEIR%C3%83O.pdf\">Requerimento n\u00ba 047 -2019 RETOMADA DE ATENDIMENTO ODONTOL\u00d3GICO NAZAR\u00c9 E BOQUEIR\u00c3O<\/a><\/li>\n<\/ul>\n<div>&nbsp;<\/div>\n<div>\n<h2 style=\"font-family: 'League Spartan', sans-serif; color: #080809;\">2018<\/h2>\n<\/div>\n<ul>\n<li><a href=\"http:\/\/camarapocinhos.pb.gov.br\/novo\/wp-content\/uploads\/2017\/03\/Requerimento-N%C2%BA-002-2018-TRANSPORTE-ESCOLAR-PARA-ESTUDANTES-DO-DISTRITO-DE-NAZAR%C3%89-%C3%81-CAMPINA-GRANDE.pdf\">Requerimento N\u00ba 002 \u2013 2018 TRANSPORTE ESCOLAR PARA ESTUDANTES DO DISTRITO DE NAZAR\u00c9 \u00c1 CAMPINA GRANDE<\/a><\/li>\n<li><a href=\"http:\/\/camarapocinhos.pb.gov.br\/novo\/wp-content\/uploads\/2017\/03\/Requerimento-N%C2%BA-003-2018-RECUPERA%C3%87%C3%83O-DAS-ESTRADAS-DA-ZONA-RURAL.pdf\">Requerimento N\u00ba 003 \u2013 2018 RECUPERA\u00c7\u00c3O DAS ESTRADAS DA ZONA RURAL<\/a><\/li>\n<li><a href=\"http:\/\/camarapocinhos.pb.gov.br\/novo\/wp-content\/uploads\/2017\/03\/Requerimento-N%C2%BA-021-2018-CORTE-DE-TERRAS-NA-ZONA-RURAL.pdf\">Requerimento N\u00ba 021 \u2013 2018 CORTE DE TERRAS NA ZONA RURAL<\/a><\/li>\n<li><a href=\"http:\/\/camarapocinhos.pb.gov.br\/novo\/wp-content\/uploads\/2017\/03\/Requerimento-N%C2%BA-027-2018-RESPOSTAS-AOS-REQUERIMENTOS-PROPOSTOS.pdf\">Requerimento N\u00ba 027 \u2013 2018 RESPOSTAS AOS REQUERIMENTOS PROPOSTOS<\/a><\/li>\n<li><a href=\"http:\/\/camarapocinhos.pb.gov.br\/novo\/wp-content\/uploads\/2017\/03\/Requerimento-N%C2%BA-035-2018-RECUPERA%C3%87%C3%83O-E-COBERTURA-DA-QUADRA-DA-EM-CASTRO-ALVES.pdf\">Requerimento N\u00ba 035 -2018 RECUPERA\u00c7\u00c3O E COBERTURA DA QUADRA DA EM CASTRO ALVES<\/a><\/li>\n<\/ul>\n<div>&nbsp;<\/div>\n<div>\n<h2 style=\"font-family: 'League Spartan', sans-serif; color: #080809;\">2017<\/h2>\n<\/div>\n<ul>\n<li><a href=\"http:\/\/camarapocinhos.pb.gov.br\/novo\/wp-content\/uploads\/2017\/03\/Requerimento-N%C2%BA-038-2017-RETORNO-DOS-TRANSPORTES-DE-PACIENTES-DO-SITIO-CAI%C3%87ARA-AO-HOSPITAL-MUNICIPAL-E-A-CAMPINA-GRANDE.pdf\">Requerimento N\u00ba 038 \u2013 2017 RETORNO DOS TRANSPORTES DE PACIENTES DO SITIO CAI\u00c7ARA AO HOSPITAL MUNICIPAL E A CAMPINA GRANDE<\/a><\/li>\n<li><a href=\"http:\/\/camarapocinhos.pb.gov.br\/novo\/wp-content\/uploads\/2017\/03\/Requerimento-N%C2%BA-039-2017-RECUPERA%C3%87%C3%83O-DAS-ESTRAS-QUE-LIGAM-OS-S%C3%8DTIOS-NAZAR%C3%89-E-CAI%C3%87ARA-A-CIDADE.pdf\">Requerimento N\u00ba 039 \u2013 2017 RECUPERA\u00c7\u00c3O DAS ESTRAS QUE LIGAM OS S\u00cdTIOS NAZAR\u00c9 E CAI\u00c7ARA A CIDADE<\/a><\/li>\n<li><a href=\"http:\/\/camarapocinhos.pb.gov.br\/novo\/wp-content\/uploads\/2017\/03\/Requerimento-N%C2%BA-044-2017-CONSTRU%C3%87%C3%83O-DE-AREA-DE-LAZER-NO-DISTRITO-DE-NAZAR%C3%89.pdf\">Requerimento N\u00ba 044 \u2013 2017 CONSTRU\u00c7\u00c3O DE AREA DE LAZER NO DISTRITO DE NAZAR\u00c9<\/a><\/li>\n<li><a href=\"http:\/\/camarapocinhos.pb.gov.br\/novo\/wp-content\/uploads\/2017\/03\/Requerimento-N%C2%BA-069-2017-RECONSTRU%C3%87%C3%83O-DAS-PONTES-LOCALIZADAS-NO-S%C3%8DTIO-CAIANA-E-TEOT%C3%94NIO.pdf\">Requerimento N\u00ba 069 \u2013 2017 RECONSTRU\u00c7\u00c3O DAS PONTES LOCALIZADAS NO S\u00cdTIO CAIANA E TEOT\u00d4NIO<\/a><\/li>\n<li><a href=\"http:\/\/camarapocinhos.pb.gov.br\/novo\/wp-content\/uploads\/2017\/03\/Requerimento-N%C2%BA-091-2017-JUSTIFICATIVA-PARA-PARALISA%C3%87%C3%83O-DAS-OBRAS-DA-UNIDADE-DE-DESSALINIZA%C3%87%C3%83O-DO-DISTRITO-DE-NAZAR%C3%89.pdf\">Requerimento N\u00ba 091 \u2013 2017 JUSTIFICATIVA PARA PARALISA\u00c7\u00c3O DAS OBRAS DA UNIDADE DE DESSALINIZA\u00c7\u00c3O DO DISTRITO DE NAZAR\u00c9<\/a><\/li>\n<li><a href=\"http:\/\/camarapocinhos.pb.gov.br\/novo\/wp-content\/uploads\/2017\/03\/Requerimento-N%C2%BA-092-2017-VOTOS-DE-APLAUSOS-E-CONGRATULA%C3%87%C3%95ES-AO-DEP.-ADRIANO-GALDINO-AO-GOV.-RICARDO-COUTINHO-E-AO-EX-PR.-LULA.pdf\">Requerimento N\u00ba 092 \u2013 2017 VOTOS DE APLAUSOS E CONGRATULA\u00c7\u00d5ES AO DEP. ADRIANO GALDINO, AO GOV. RICARDO COUTINHO E AO EX PR. LULA<\/a><\/li>\n<li><a href=\"http:\/\/camarapocinhos.pb.gov.br\/novo\/wp-content\/uploads\/2017\/03\/Requerimento-N%C2%BA-093-2017-CONSTRU%C3%87%C3%83O-DE-RODOVIA-INTERLIGANDO-O-DISTRITO-DE-NAZAR%C3%89-A-BR230.pdf\">Requerimento N\u00ba 093 \u2013 2017 CONSTRU\u00c7\u00c3O DE RODOVIA INTERLIGANDO O DISTRITO DE NAZAR\u00c9 A BR230<\/a><\/li>\n<li><a href=\"http:\/\/camarapocinhos.pb.gov.br\/novo\/wp-content\/uploads\/2017\/03\/Requerimento-N%C2%BA-128-2017-REFORMA-ESTRUTURAL-NA-ESCOLA-MUNICIPAL-CASTRO-ALVES.pdf\">Requerimento N\u00ba 128 \u2013 2017 REFORMA ESTRUTURAL NA ESCOLA MUNICIPAL CASTRO ALVES<\/a><\/li>\n<li><a href=\"http:\/\/camarapocinhos.pb.gov.br\/novo\/wp-content\/uploads\/2017\/03\/Requerimento-N%C2%BA-171-2017-RECUPERA%C3%87%C3%83O-DA-QUADRA-DE-ESPORTES-E-A-COBERTURA-DA-ESCOLA-CASTRO-ALVES.pdf\">Requerimento N\u00ba 171 \u2013 2017 RECUPERA\u00c7\u00c3O DA QUADRA DE ESPORTES E A COBERTURA DA ESCOLA CASTRO ALVES<\/a><\/li>\n<li><a href=\"http:\/\/camarapocinhos.pb.gov.br\/novo\/wp-content\/uploads\/2017\/03\/Requerimento-N%C2%BA-172-2017-REPOSI%C3%87%C3%83O-DE-L%C3%82MPADAS-DOS-POSTES-DO-TEOT%C3%94NIO-ALAGAMAR-E-NAZAR%C3%89.pdf\">Requerimento N\u00ba 172 \u2013 2017 REPOSI\u00c7\u00c3O DE L\u00c2MPADAS DOS POSTES DO TEOT\u00d4NIO, ALAGAMAR E NAZAR\u00c9<\/a><\/li>\n<\/ul>\n<div>&nbsp;<\/div>\n<div>\n<h2 style=\"font-family: 'League Spartan', sans-serif; color: #080809;\">2015<\/h2>\n<\/div>\n<ul>\n<li><a href=\"http:\/\/camarapocinhos.pb.gov.br\/novo\/wp-content\/uploads\/2017\/03\/Requerimento-N%C2%BA-004-2015-PASSAGEM-DE-M%C3%81QUINA-PATROL-NAS-ESTRADAS-QUE-LIGAM-O-DISTRITO-DE-NAZAR%C3%89-A-CIDADE-E-A-BR-230.pdf\">Requerimento N\u00ba 004 \u2013 2015 PASSAGEM DE M\u00c1QUINA PATROL NAS ESTRADAS QUE LIGAM O DISTRITO DE NAZAR\u00c9 A CIDADE E A BR 230<\/a><\/li>\n<li><a href=\"http:\/\/camarapocinhos.pb.gov.br\/novo\/wp-content\/uploads\/2017\/03\/Requerimento-N%C2%BA-009-2015-PASSAGEM-DE-MOTONIVELADORA-NO-S%C3%8DTIO-ICO.pdf\">Requerimento N\u00ba 009 \u2013 2015 PASSAGEM DE MOTONIVELADORA NO S\u00cdTIO ICO<\/a><\/li>\n<li><a href=\"http:\/\/camarapocinhos.pb.gov.br\/novo\/wp-content\/uploads\/2017\/03\/Requerimento-N%C2%BA-032-2015-ORGANIZA%C3%87%C3%83O-E-REPOSI%C3%87%C3%83O-DA-ILUMINA%C3%87%C3%83O-P%C3%9ABLICA-DO-DISTRITO-DE-NAZAR%C3%89.pdf\">Requerimento N\u00ba 032 \u2013 2015 ORGANIZA\u00c7\u00c3O E REPOSI\u00c7\u00c3O DA ILUMINA\u00c7\u00c3O P\u00daBLICA DO DISTRITO DE NAZAR\u00c9<\/a><\/li>\n<\/ul>\n<div>&nbsp;<\/div>\n<div>\n<h2 style=\"font-family: 'League Spartan', sans-serif; color: #080809;\">2014<\/h2>\n<\/div>\n<ul>\n<li><a href=\"http:\/\/camarapocinhos.pb.gov.br\/novo\/wp-content\/uploads\/2017\/03\/Requerimento-N%C2%BA-071-2014-EQUIPAMENTO-PARA-TRATAMENTO-DE-%C3%81GUA-PARA-DISTRITO-DE-NAZAR%C3%89.pdf\">Requerimento N\u00ba 071 \u2013 2014 EQUIPAMENTO PARA TRATAMENTO DE \u00c1GUA PARA DISTRITO DE NAZAR\u00c9<\/a><\/li>\n<\/ul>\n<div>&nbsp;<\/div>\n<div>\n<h2 style=\"font-family: 'League Spartan', sans-serif; color: #080809;\">2013<\/h2>\n<\/div>\n<ul>\n<li><a href=\"http:\/\/camarapocinhos.pb.gov.br\/novo\/wp-content\/uploads\/2017\/03\/Requerimento-N%C2%BA-005-2013-CARRO-A-DISPOSI%C3%87%C3%83O-DO-DISTRITO-DE-NAZAR%C3%89.pdf\">Requerimento N\u00ba 005 \u2013 2013 CARRO A DISPOSI\u00c7\u00c3O DO DISTRITO DE NAZAR\u00c9<\/a><\/li>\n<li><a href=\"http:\/\/camarapocinhos.pb.gov.br\/novo\/wp-content\/uploads\/2017\/03\/Requerimento-N%C2%BA-006-2013-CUMPRIMENTO-DO-PACTO-DO-ALUGUEL-SOCIAL.pdf\">Requerimento N\u00ba 006 \u2013 2013 CUMPRIMENTO DO PACTO DO ALUGUEL SOCIAL<\/a><\/li>\n<li><a href=\"http:\/\/camarapocinhos.pb.gov.br\/novo\/wp-content\/uploads\/2017\/03\/Requerimento-N%C2%BA-012-2013-CONSTRU%C3%87%C3%83O-DE-CISTERNA-COMUNIT%C3%81RIA-NO-DISTRITO-DE-NAZAR%C3%89.pdf\">Requerimento N\u00ba 012 \u2013 2013 CONSTRU\u00c7\u00c3O DE CISTERNA COMUNIT\u00c1RIA NO DISTRITO DE NAZAR\u00c9<\/a><\/li>\n<li><a href=\"http:\/\/camarapocinhos.pb.gov.br\/novo\/wp-content\/uploads\/2017\/03\/Requerimento-N%C2%BA-26-2013-ESTUDO-DE-CONSTRU%C3%87%C3%83O-DE-BARRAGEM-NO-DISTRITO-DE-NAZAR%C3%89.pdf\">Requerimento N\u00ba 26 \u2013 2013 ESTUDO DE CONSTRU\u00c7\u00c3O DE BARRAGEM NO DISTRITO DE NAZAR\u00c9<\/a><\/li>\n<li><a href=\"http:\/\/camarapocinhos.pb.gov.br\/novo\/wp-content\/uploads\/2017\/03\/Requerimento-N%C2%BA-27-2013-CONSTRU%C3%87%C3%83O-DE-UM-MATA-BURRO-NO-SITIO-CAI%C3%87ARA.pdf\">Requerimento N\u00ba 27 \u2013 2013 CONSTRU\u00c7\u00c3O DE UM MATA BURRO NO SITIO CAI\u00c7ARA<\/a><\/li>\n<li><a href=\"http:\/\/camarapocinhos.pb.gov.br\/novo\/wp-content\/uploads\/2017\/03\/Requerimento-N%C2%BA-28-2013-REFORMA-NA-PONTE-DO-S%C3%8DTIO-TANQUINHO.pdf\">Requerimento N\u00ba 28 \u2013 2013 REFORMA NA PONTE DO S\u00cdTIO TANQUINHO<\/a><\/li>\n<li><a href=\"http:\/\/camarapocinhos.pb.gov.br\/novo\/wp-content\/uploads\/2017\/03\/Requerimento-N%C2%BA-29-2013-INDENIZA%C3%87%C3%83O-PARA-DESAPROPRIA%C3%87%C3%83O-DE-BARRAGEM-LOCALIZADA-DENTRO-DO-S%C3%8DTIO-DO-SR.-MOISES-DANTAS.pdf\">Requerimento N\u00ba 29 \u2013 2013 INDENIZA\u00c7\u00c3O PARA DESAPROPRIA\u00c7\u00c3O DE BARRAGEM LOCALIZADA DENTRO DO S\u00cdTIO DO SR. MOISES DANTAS<\/a><\/li>\n<li><a href=\"http:\/\/camarapocinhos.pb.gov.br\/novo\/wp-content\/uploads\/2017\/03\/Requerimento-N%C2%BA-43-2013-REALIZA%C3%87%C3%83O-DE-CONCURSO-P%C3%9ABLICO.pdf\">Requerimento N\u00ba 43 \u2013 2013 REALIZA\u00c7\u00c3O DE CONCURSO P\u00daBLICO<\/a><\/li>\n<li><a href=\"http:\/\/camarapocinhos.pb.gov.br\/novo\/wp-content\/uploads\/2017\/03\/Requerimento-N%C2%BA-44-2013-CONSTRU%C3%87%C3%83O-DE-ABRIGO-PARA-OS-MOTOT%C3%81XIS-NO-BAIRRO-DA-CONPEL.pdf\">Requerimento N\u00ba 44 \u2013 2013 CONSTRU\u00c7\u00c3O DE ABRIGO PARA OS MOTOT\u00c1XIS NO BAIRRO DA CONPEL<\/a><\/li>\n<li><a href=\"http:\/\/camarapocinhos.pb.gov.br\/novo\/wp-content\/uploads\/2017\/03\/Requerimento-N%C2%BA-58-2013-RETORNO-DO-PROGRAMA-SOP%C3%83O.pdf\">Requerimento N\u00ba 58 \u2013 2013 RETORNO DO PROGRAMA SOP\u00c3O<\/a><\/li>\n<li><a href=\"http:\/\/camarapocinhos.pb.gov.br\/novo\/wp-content\/uploads\/2017\/03\/Requerimento-N%C2%BA-73-2013-CAL%C3%87AMENTO-E-REDE-DE-ESGOTO-PARA-RUA-BELISIO-PEREIRA-DA-COSTA.pdf\">Requerimento N\u00ba 73 \u2013 2013 CAL\u00c7AMENTO E REDE DE ESGOTO PARA RUA BELISIO PEREIRA DA COSTA<\/a><\/li>\n<li><a href=\"http:\/\/camarapocinhos.pb.gov.br\/novo\/wp-content\/uploads\/2017\/03\/Requerimento-N%C2%BA-100-2013-CONSTRU%C3%87%C3%83O-DE-ACADEMIA-POPULAR-NO-DISTRITO-DE-NAZAR%C3%89.pdf\">Requerimento N\u00ba 100 \u2013 2013 CONSTRU\u00c7\u00c3O DE ACADEMIA POPULAR NO DISTRITO DE NAZAR\u00c9<\/a><\/li>\n<li><a href=\"http:\/\/camarapocinhos.pb.gov.br\/novo\/wp-content\/uploads\/2017\/03\/Requerimento-N%C2%BA-101-2013-REGULARIDADE-NO-ENVIO-DE-BALANCETE-E-DIARIO-OFICIAL-A-CADA-1%C2%BA-DIA-%C3%9ATIL-DE-CADA-M%C3%8AS.pdf\">Requerimento N\u00ba 101 \u2013 2013 REGULARIDADE NO ENVIO DE BALANCETE E DIARIO OFICIAL A CADA 1\u00ba DIA \u00daTIL DE CADA M\u00caS<\/a><\/li>\n<li><a href=\"http:\/\/camarapocinhos.pb.gov.br\/novo\/wp-content\/uploads\/2017\/03\/Requerimento-N%C2%BA-131-2013-PAVIMENTA%C3%87%C3%83O-NO-DISTRITO-DE-NAZAR%C3%89.pdf\">Requerimento N\u00ba 131 \u2013 2013 PAVIMENTA\u00c7\u00c3O NO DISTRITO DE NAZAR\u00c9<\/a><\/li>\n<li><a href=\"http:\/\/camarapocinhos.pb.gov.br\/novo\/wp-content\/uploads\/2017\/03\/Requerimento-N%C2%BA-139-2013-CARRO-A-DISPOSI%C3%87%C3%83O-DA-COMUNIDADE-DO-DISTRITO-DE-NAZAR%C3%89.pdf\">Requerimento N\u00ba 139 \u2013 2013 CARRO A DISPOSI\u00c7\u00c3O DA COMUNIDADE DO DISTRITO DE NAZAR\u00c9<\/a><\/li>\n<li><a href=\"http:\/\/camarapocinhos.pb.gov.br\/novo\/wp-content\/uploads\/2017\/03\/Requerimento-N%C2%BA-140-2013-CONSTRU%C3%87%C3%83O-DE-ABRIGO-NA-BR-230.pdf\">Requerimento N\u00ba 140 \u2013 2013 CONSTRU\u00c7\u00c3O DE ABRIGO NA BR 230<\/a><\/li>\n<li><a href=\"http:\/\/camarapocinhos.pb.gov.br\/novo\/wp-content\/uploads\/2017\/03\/Requerimento-N%C2%BA-145-2013-REITERA-CAL%C3%87AMENTO-NO-DISTRITO-DE-NAZAR%C3%89.pdf\">Requerimento N\u00ba 145 \u2013 2013 REITERA CAL\u00c7AMENTO NO DISTRITO DE NAZAR\u00c9<\/a><\/li>\n<li><a href=\"http:\/\/camarapocinhos.pb.gov.br\/novo\/wp-content\/uploads\/2017\/03\/Requerimento-N%C2%BA-146-2013-CARRO-OU-AMBUL%C3%83NCIA-A-DISPOSI%C3%87%C3%83O-DA-COMUNIDADE-DO-DISTRITO-DE-NAZAR%C3%89.pdf\">Requerimento N\u00ba 146 \u2013 2013 CARRO OU AMBUL\u00c3NCIA A DISPOSI\u00c7\u00c3O DA COMUNIDADE DO DISTRITO DE NAZAR\u00c9<\/a><\/li>\n<li><a href=\"http:\/\/camarapocinhos.pb.gov.br\/novo\/wp-content\/uploads\/2017\/03\/Requerimento-N%C2%BA-148-2013-CONSTRU%C3%87%C3%83O-DE-CASAS-PARA-ANTIGOS-RESIDENTES-DO-IPASE.pdf\">Requerimento N\u00ba 148 \u2013 2013 CONSTRU\u00c7\u00c3O DE CASAS PARA ANTIGOS RESIDENTES DO IPASE<\/a><\/li>\n<li><a href=\"http:\/\/camarapocinhos.pb.gov.br\/novo\/wp-content\/uploads\/2017\/03\/Requerimento-N%C2%BA-149-2013-CONSTRU%C3%87%C3%83O-DE-ACADEMIA-POPULAR-NO-DISTRITO-DE-NAZAR%C3%89.pdf\">Requerimento N\u00ba 149 \u2013 2013 CONSTRU\u00c7\u00c3O DE ACADEMIA POPULAR NO DISTRITO DE NAZAR\u00c9<\/a><\/li>\n<li><a href=\"http:\/\/camarapocinhos.pb.gov.br\/novo\/wp-content\/uploads\/2017\/03\/Requerimento-N%C2%BA-150-2013-CONSTRU%C3%87%C3%83O-DE-COBERTURA-E-PISO-DA-QUADRA-DA-ESCOLA-MUNICIPAL-CASTRO-ALVES.pdf\">Requerimento N\u00ba 150 \u2013 2013 CONSTRU\u00c7\u00c3O DE COBERTURA E PISO DA QUADRA DA ESCOLA MUNICIPAL CASTRO ALVES<\/a><\/li>\n<li><a href=\"http:\/\/camarapocinhos.pb.gov.br\/novo\/wp-content\/uploads\/2017\/03\/Requerimento-N%C2%BA-151-2013-CONSTRU%C3%87%C3%83O-DE-PRA%C3%87A-P%C3%9ABLICA-NO-DISTRITO-DE-NAZAR%C3%89.pdf\">Requerimento N\u00ba 151 \u2013 2013 CONSTRU\u00c7\u00c3O DE PRA\u00c7A P\u00daBLICA NO DISTRITO DE NAZAR\u00c9<\/a><\/li>\n<li><a href=\"http:\/\/camarapocinhos.pb.gov.br\/novo\/wp-content\/uploads\/2017\/03\/Requerimento-N%C2%BA-182-2013-REITERA-CAL%C3%87AMENTO-NO-DISTRITO-DE-NAZAR%C3%89.pdf\">Requerimento N\u00ba 182 \u2013 2013 REITERA CAL\u00c7AMENTO NO DISTRITO DE NAZAR\u00c9<\/a><\/li>\n<li><a href=\"http:\/\/camarapocinhos.pb.gov.br\/novo\/wp-content\/uploads\/2017\/03\/Requerimento-N%C2%BA-187-2013-GRATIFICA%C3%87%C3%83O-AOS-FUNCION%C3%81RIOS-DA-ESF.pdf\">Requerimento N\u00ba 187 \u2013 2013 GRATIFICA\u00c7\u00c3O AOS FUNCION\u00c1RIOS DA ESF<\/a><\/li>\n<li><a href=\"http:\/\/camarapocinhos.pb.gov.br\/novo\/wp-content\/uploads\/2017\/03\/Requerimento-N%C2%BA-188-2013-PATROC%C3%8DNIO-PARA-LAN%C3%87AMENTO-DE-REVISTA.pdf\">Requerimento N\u00ba 188 \u2013 2013 PATROC\u00cdNIO PARA LAN\u00c7AMENTO DE REVISTA<\/a><\/li>\n<li><a href=\"http:\/\/camarapocinhos.pb.gov.br\/novo\/wp-content\/uploads\/2017\/03\/Requerimento-N%C2%BA-190-2013-TRANSPAR%C3%8ANCIA-DOS-ATOS-P%C3%9ABLICOS.pdf\">Requerimento N\u00ba 190 \u2013 2013 TRANSPAR\u00caNCIA DOS ATOS P\u00daBLICOS<\/a><\/li>\n<li><a href=\"http:\/\/camarapocinhos.pb.gov.br\/novo\/wp-content\/uploads\/2017\/03\/Requerimento-N%C2%BA-191-2013-REGULARIZA%C3%87%C3%83O-DO-PAGAMENTO-DO-ALUGUEL-SOCIAL.pdf\">Requerimento N\u00ba 191 \u2013 2013 REGULARIZA\u00c7\u00c3O DO PAGAMENTO DO ALUGUEL SOCIAL<\/a><\/li>\n<\/ul><\/div>\n\t\t\t\t\t\t\t\t\t<div class=\"elementor-tab-title elementor-tab-mobile-title\" aria-selected=\"false\" data-tab=\"2\" role=\"tab\" tabindex=\"-1\" aria-controls=\"elementor-tab-content-1362\" aria-expanded=\"false\">Projetos de Lei<\/div>\n\t\t\t\t\t<div id=\"elementor-tab-content-1362\" class=\"elementor-tab-content elementor-clearfix\" data-tab=\"2\" role=\"tabpanel\" aria-labelledby=\"elementor-tab-title-1362\" tabindex=\"0\" hidden=\"hidden\"><h2><b>2025<\/b><\/h2>\n<div>\n<ul>\n<li>\n<h5 style=\"font-family: &quot;League Spartan&quot;, sans-serif; color: rgb(8, 8, 9);\"><a href=\"https:\/\/camarapocinhos.pb.gov.br\/site\/wp-content\/uploads\/2025\/01\/PL-LEGISLATIVO-N%C2%B0010-2025.pdf\" style=\"color: rgb(238, 238, 34); transition-property: all; font-weight: normal;\">Projeto de Lei N\u00b0010-2025 Disp\u00f5e sobre a denomina\u00e7\u00e3o de pra\u00e7a no Distrito de Nazar\u00e9, nomeada como &#8220;Pra\u00e7a Mois\u00e9s In\u00e1cio de Oliveira&#8221;<\/a><\/h5>\n<\/li>\n<li><a href=\"https:\/\/camarapocinhos.pb.gov.br\/site\/wp-content\/uploads\/2025\/01\/PL-LEGISLATIVO-N%C2%B0011-2025.pdf\" style=\"color: rgb(238, 238, 34); transition-property: all;\">Projeto de Lei N\u00b0011-2025 Disp\u00f5e sobra a denomina\u00e7\u00e3o de campo de futebol localizado no distrito de Nazar\u00e9, nomeado como &#8220;Campo de Futebol Sebasti\u00e3o Ferreira dos Santos&#8221;<\/a>&nbsp;<\/li>\n<\/ul>\n<\/div><\/div>\n\t\t\t\t\t\t\t\t\t<div class=\"elementor-tab-title elementor-tab-mobile-title\" aria-selected=\"false\" data-tab=\"3\" role=\"tab\" tabindex=\"-1\" aria-controls=\"elementor-tab-content-1363\" aria-expanded=\"false\">Decretos Legislativos<\/div>\n\t\t\t\t\t<div id=\"elementor-tab-content-1363\" class=\"elementor-tab-content elementor-clearfix\" data-tab=\"3\" role=\"tabpanel\" aria-labelledby=\"elementor-tab-title-1363\" tabindex=\"0\" hidden=\"hidden\"><ul><li><a href=\"http:\/\/camarapocinhos.pb.gov.br\/novo\/wp-content\/uploads\/2022\/01\/PDL-n%C2%BA-004-2022-M%C3%B4nica-Pereira.pdf\" target=\"_blank\" rel=\"noopener noreferrer\">Projeto de Decreto Legislativo N\u00ba 004\/2022 T\u00cdTULO CIDAD\u00c3O HONOR\u00c1RIO \u00c0 PE. NILSON NUNES DA SILVA<\/a><\/li><li><a href=\"http:\/\/camarapocinhos.pb.gov.br\/novo\/wp-content\/uploads\/2022\/01\/PDL-n%C2%BA-013-2022-M%C3%B4nica-Azevedo.pdf\" target=\"_blank\" rel=\"noopener noreferrer\">Projeto de Decreto Legislativo N\u00ba 13\/2022 T\u00cdTULO CIDAD\u00c3O HONOR\u00c1RIO \u00c0 JO\u00c3O PAULO DE LIMA<\/a><\/li><\/ul><\/div>\n\t\t\t\t\t\t\t\t\t<div class=\"elementor-tab-title elementor-tab-mobile-title\" aria-selected=\"false\" data-tab=\"4\" role=\"tab\" tabindex=\"-1\" aria-controls=\"elementor-tab-content-1364\" aria-expanded=\"false\">Indica\u00e7\u00f5es<\/div>\n\t\t\t\t\t<div id=\"elementor-tab-content-1364\" class=\"elementor-tab-content elementor-clearfix\" data-tab=\"4\" role=\"tabpanel\" aria-labelledby=\"elementor-tab-title-1364\" tabindex=\"0\" hidden=\"hidden\"><\/div>\n\t\t\t\t\t\t\t<\/div>\n\t\t<\/div>\n\t\t\t\t<\/div>\n\t\t\t\t<\/div>\n\t\t\t\t<\/div>\n\t\t\t\t\t<\/div>\n\t\t\t\t<\/div>\n\t\t\t\t<\/div>\n\t\t","protected":false},"excerpt":{"rendered":"<p>M\u00f4nica Pereira da Costa Azevedo De 44 anos, casada e m\u00e3e de duas filhas. Funcion\u00e1ria p\u00fablica e natural de Pocinhos, est\u00e1 no quarto mandato como vereadora. Comprometida com a qualidade de vida da popula\u00e7\u00e3o, dedica-se a trabalhar pelos mais\u00a0necessitados. \u00a0 Partido Atual: PSBData de Nascimento: 29\/10\/1980Naturalidade: Pocinhos \u2013 PBGrau de Instru\u00e7\u00e3o: ENSINO M\u00c9DIO COMPLETO Requerimentos&#8230;<\/p>\n","protected":false},"author":1,"featured_media":0,"parent":0,"menu_order":0,"comment_status":"closed","ping_status":"closed","template":"","meta":{"footnotes":""},"class_list":["post-4816","page","type-page","status-publish","hentry"],"_links":{"self":[{"href":"https:\/\/camarapocinhos.pb.gov.br\/site\/wp-json\/wp\/v2\/pages\/4816","targetHints":{"allow":["GET"]}}],"collection":[{"href":"https:\/\/camarapocinhos.pb.gov.br\/site\/wp-json\/wp\/v2\/pages"}],"about":[{"href":"https:\/\/camarapocinhos.pb.gov.br\/site\/wp-json\/wp\/v2\/types\/page"}],"author":[{"embeddable":true,"href":"https:\/\/camarapocinhos.pb.gov.br\/site\/wp-json\/wp\/v2\/users\/1"}],"replies":[{"embeddable":true,"href":"https:\/\/camarapocinhos.pb.gov.br\/site\/wp-json\/wp\/v2\/comments?post=4816"}],"version-history":[{"count":19,"href":"https:\/\/camarapocinhos.pb.gov.br\/site\/wp-json\/wp\/v2\/pages\/4816\/revisions"}],"predecessor-version":[{"id":6025,"href":"https:\/\/camarapocinhos.pb.gov.br\/site\/wp-json\/wp\/v2\/pages\/4816\/revisions\/6025"}],"wp:attachment":[{"href":"https:\/\/camarapocinhos.pb.gov.br\/site\/wp-json\/wp\/v2\/media?parent=4816"}],"curies":[{"name":"wp","href":"https:\/\/api.w.org\/{rel}","templated":true}]}}