{"id":86,"date":"2023-08-02T12:10:32","date_gmt":"2023-08-02T12:10:32","guid":{"rendered":"https:\/\/themeholy.com\/wordpress\/tnews\/?page_id=86"},"modified":"2025-01-15T19:46:29","modified_gmt":"2025-01-15T22:46:29","slug":"magazine-home","status":"publish","type":"page","link":"https:\/\/camarapocinhos.pb.gov.br\/site\/","title":{"rendered":"Magazine Home"},"content":{"rendered":"\t\t<div data-elementor-type=\"wp-page\" data-elementor-id=\"86\" class=\"elementor elementor-86\">\n\t\t\t\t\t\t<section class=\"elementor-section elementor-top-section elementor-element elementor-element-372b053 dark-theme bg-smoke elementor-section-boxed elementor-section-height-default elementor-section-height-default\" data-id=\"372b053\" data-element_type=\"section\" data-settings=\"{&quot;background_background&quot;:&quot;gradient&quot;}\">\n\t\t\t\t\t\t<div class=\"elementor-container elementor-column-gap-no\">\n\t\t\t\t\t<div class=\"elementor-column elementor-col-100 elementor-top-column elementor-element elementor-element-d2f00a5\" data-id=\"d2f00a5\" data-element_type=\"column\">\n\t\t\t<div class=\"elementor-widget-wrap elementor-element-populated\">\n\t\t\t\t\r\n\t\t<div class=\"elementor-element elementor-element-779d4b8 elementor-widget elementor-widget-tnewsoverlayblog\" data-id=\"779d4b8\" data-element_type=\"widget\" data-widget_type=\"tnewsoverlayblog.default\">\n\t\t\t\t<div class=\"elementor-widget-container\">\n\t\t\t<div class=\"row gy-4\"><div class=\"col-lg-6\"><div class=\"blog-style3\"><div class=\"blog-img\"><img fetchpriority=\"high\" decoding=\"async\" width=\"300\" height=\"200\" src=\"https:\/\/camarapocinhos.pb.gov.br\/site\/wp-content\/uploads\/2026\/04\/IMG_9480-300x200.jpeg\" class=\"attachment-tnews_300X200 size-tnews_300X200 wp-post-image\" alt=\"\" \/><\/div><div class=\"blog-content\"><h3 class=\"box-title-30\"><a class=\"hover-line\" href=\"https:\/\/camarapocinhos.pb.gov.br\/site\/vereadores-se-reunem-com-o-deputado-federal-murilo-galdino-em-brasilia-para-apresentar-demandas-do-municipio\/\">Vereadores se re\u00fanem com o deputado federal Murilo Galdino em Bras\u00edlia para apresentar demandas do munic\u00edpio<\/a><\/h3><div class=\"blog-meta\"><\/div><\/div><\/div><\/div><div class=\"col-lg-6\"><div class=\"blog-style3\"><div class=\"blog-img\"><img decoding=\"async\" width=\"300\" height=\"200\" src=\"https:\/\/camarapocinhos.pb.gov.br\/site\/wp-content\/uploads\/2026\/03\/Design-sem-nome-300x200.png\" class=\"attachment-tnews_300X200 size-tnews_300X200 wp-post-image\" alt=\"\" \/><\/div><div class=\"blog-content\"><h3 class=\"box-title-30\"><a class=\"hover-line\" href=\"https:\/\/camarapocinhos.pb.gov.br\/site\/camara-municipal-de-pocinhos-realiza-sessao-ordinaria-em-homenagem-ao-dia-internacional-da-mulher-e-recebe-prestacao-de-contas-da-prefeita\/\">C\u00e2mara Municipal de Pocinhos realiza sess\u00e3o ordin\u00e1ria em homenagem ao Dia Internacional da Mulher e recebe presta\u00e7\u00e3o de contas da prefeita<\/a><\/h3><div class=\"blog-meta\"><\/div><\/div><\/div><\/div><\/div>\t\t<\/div>\n\t\t\t\t<\/div>\n\t\t\t\t<div class=\"elementor-element elementor-element-71ee351 elementor-hidden-tablet elementor-hidden-mobile elementor-widget elementor-widget-tnewsblog\" data-id=\"71ee351\" data-element_type=\"widget\" data-widget_type=\"tnewsblog.default\">\n\t\t\t\t<div class=\"elementor-widget-container\">\n\t\t\t<div class=\"row gy-4\"><div class=\"col-xl-3\"><div class=\"blog-style1  \"><div class=\"blog-img \"><img decoding=\"async\" width=\"288\" height=\"187\" src=\"https:\/\/camarapocinhos.pb.gov.br\/site\/wp-content\/uploads\/2026\/02\/IMG_1233-288x187.png\" class=\"attachment-tnews_288X187 size-tnews_288X187 wp-post-image\" alt=\"\" \/><\/div><h3 class=\"box-title-20\"><a class=\"hover-line\" href=\"https:\/\/camarapocinhos.pb.gov.br\/site\/camara-municipal-de-pocinhos-manifesta-pesar-pelo-falecimento-de-elizabete-pereira-de-araujo\/\">C\u00e2mara Municipal de Pocinhos manifesta pesar pelo falecimento de Elizabete Pereira de Ara\u00fajo<\/a><\/h3><div class=\"blog-meta\"><\/div><\/div><\/div><div class=\"col-xl-3\"><div class=\"blog-style1  \"><div class=\"blog-img \"><img loading=\"lazy\" decoding=\"async\" width=\"288\" height=\"187\" src=\"https:\/\/camarapocinhos.pb.gov.br\/site\/wp-content\/uploads\/2026\/02\/fa5a15c7-29fa-465f-b48e-c47198a4074b-288x187.jpeg\" class=\"attachment-tnews_288X187 size-tnews_288X187 wp-post-image\" alt=\"\" \/><\/div><h3 class=\"box-title-20\"><a class=\"hover-line\" href=\"https:\/\/camarapocinhos.pb.gov.br\/site\/camara-de-pocinhos-aprova-sete-projetos-em-sessao-extraordinaria-incluindo-reajuste-de-13-para-o-magisterio\/\">C\u00e2mara de Pocinhos aprova sete projetos em Sess\u00e3o Extraordin\u00e1ria, incluindo reajuste de 13% para o magist\u00e9rio<\/a><\/h3><div class=\"blog-meta\"><\/div><\/div><\/div><div class=\"col-xl-3\"><div class=\"blog-style1  \"><div class=\"blog-img \"><img loading=\"lazy\" decoding=\"async\" width=\"288\" height=\"187\" src=\"https:\/\/camarapocinhos.pb.gov.br\/site\/wp-content\/uploads\/2026\/01\/67b44441-13f5-47ac-a997-0a11a1b71024-288x187.jpeg\" class=\"attachment-tnews_288X187 size-tnews_288X187 wp-post-image\" alt=\"\" \/><\/div><h3 class=\"box-title-20\"><a class=\"hover-line\" href=\"https:\/\/camarapocinhos.pb.gov.br\/site\/vereadores-de-pocinhos-participam-de-assinatura-de-ordem-de-servico-para-pavimentacao-entre-pocinhos-e-olivedos\/\">Vereadores de Pocinhos participam de assinatura de ordem de servi\u00e7o para pavimenta\u00e7\u00e3o entre Pocinhos e Olivedos<\/a><\/h3><div class=\"blog-meta\"><\/div><\/div><\/div><div class=\"col-xl-3\"><div class=\"blog-style1  \"><div class=\"blog-img \"><img loading=\"lazy\" decoding=\"async\" width=\"288\" height=\"187\" src=\"https:\/\/camarapocinhos.pb.gov.br\/site\/wp-content\/uploads\/2025\/08\/Imagem-do-WhatsApp-de-2025-08-21-as-14.49.03_1f4e9c3c-288x187.jpg\" class=\"attachment-tnews_288X187 size-tnews_288X187 wp-post-image\" alt=\"\" \/><\/div><h3 class=\"box-title-20\"><a class=\"hover-line\" href=\"https:\/\/camarapocinhos.pb.gov.br\/site\/resumo-2a-sessao-ordinaria-do-2o-periodo-da-17a-legislatura\/\">Resumo: 2\u00aa sess\u00e3o ordin\u00e1ria do 2\u00ba per\u00edodo da 17\u00aa Legislatura<\/a><\/h3><div class=\"blog-meta\"><\/div><\/div><\/div><\/div>\t\t<\/div>\n\t\t\t\t<\/div>\n\t\t\t\t\t<\/div>\n\t\t<\/div>\n\t\t\t\t\t<\/div>\n\t\t<\/section>\n\t\t\t\t<section class=\"elementor-section elementor-top-section elementor-element elementor-element-90473b2 elementor-section-boxed elementor-section-height-default elementor-section-height-default\" data-id=\"90473b2\" data-element_type=\"section\">\n\t\t\t\t\t\t<div class=\"elementor-container elementor-column-gap-no\">\n\t\t\t\t\t<div class=\"elementor-column elementor-col-50 elementor-top-column elementor-element elementor-element-d5159cb\" data-id=\"d5159cb\" data-element_type=\"column\">\n\t\t\t<div class=\"elementor-widget-wrap elementor-element-populated\">\n\t\t\t\t\t\t<div class=\"elementor-element elementor-element-314b70e elementor-widget elementor-widget-tnewssectiontitle\" data-id=\"314b70e\" data-element_type=\"widget\" data-widget_type=\"tnewssectiontitle.default\">\n\t\t\t\t<div class=\"elementor-widget-container\">\n\t\t\t<div class=\"title-area\"><h2 class=\"sec-title2 th-title\">TV C\u00e2mara<\/h2><p class=\"sec-text th-desc\">Acompanhe nossas sess\u00f5es<\/p><\/div>\t\t<\/div>\n\t\t\t\t<\/div>\n\t\t\t\t<div class=\"elementor-element elementor-element-c1ab2ef elementor-widget elementor-widget-html\" data-id=\"c1ab2ef\" data-element_type=\"widget\" data-widget_type=\"html.default\">\n\t\t\t\t<div class=\"elementor-widget-container\">\n\t\t\t<div align=\"center\">\r\n\r\n<figure class=\"wp-block-embed wp-block-embed-youtube is-type-video is-provider-youtube epyt-figure\"><div class=\"wp-block-embed__wrapper\"><iframe  id=\"_ytid_91898\"  width=\"751\" height=\"422\"  data-origwidth=\"751\" data-origheight=\"422\"  data-relstop=\"1\" src=\"https:\/\/www.youtube.com\/embed\/?enablejsapi=1&listType=playlist&list=UUnWpRcnOzR0bxi6L1NuHd9Q&autoplay=0&cc_load_policy=0&iv_load_policy=1&loop=0&modestbranding=0&fs=1&playsinline=0&controls=1&color=red&cc_lang_pref=&rel=0&autohide=2&theme=dark&\" class=\"__youtube_prefs__  no-lazyload\" title=\"YouTube player\"  allow=\"fullscreen; accelerometer; autoplay; clipboard-write; encrypted-media; gyroscope; picture-in-picture\" allowfullscreen data-no-lazy=\"1\" data-skipgform_ajax_framebjll=\"\"><\/iframe><\/div><\/figure>\r\n\r\n<\/div>\t\t<\/div>\n\t\t\t\t<\/div>\n\t\t\t\t<section class=\"elementor-section elementor-inner-section elementor-element elementor-element-019d636 elementor-section-full_width elementor-section-height-default elementor-section-height-default\" data-id=\"019d636\" data-element_type=\"section\">\n\t\t\t\t\t\t<div class=\"elementor-container elementor-column-gap-no\">\n\t\t\t\t\t<div class=\"elementor-column elementor-col-100 elementor-inner-column elementor-element elementor-element-51a70be\" data-id=\"51a70be\" data-element_type=\"column\">\n\t\t\t<div class=\"elementor-widget-wrap\">\n\t\t\t\t\t\t\t<\/div>\n\t\t<\/div>\n\t\t\t\t\t<\/div>\n\t\t<\/section>\n\t\t\t\t\t<\/div>\n\t\t<\/div>\n\t\t\t\t<div class=\"elementor-column elementor-col-50 elementor-top-column elementor-element elementor-element-cc2070d\" data-id=\"cc2070d\" data-element_type=\"column\">\n\t\t\t<div class=\"elementor-widget-wrap elementor-element-populated\">\n\t\t\t\t\t\t<div class=\"elementor-element elementor-element-b01909d elementor-widget elementor-widget-image\" data-id=\"b01909d\" data-element_type=\"widget\" data-widget_type=\"image.default\">\n\t\t\t\t<div class=\"elementor-widget-container\">\n\t\t\t<style>\/*! elementor - v3.20.0 - 26-03-2024 *\/\n.elementor-widget-image{text-align:center}.elementor-widget-image a{display:inline-block}.elementor-widget-image a img[src$=\".svg\"]{width:48px}.elementor-widget-image img{vertical-align:middle;display:inline-block}<\/style>\t\t\t\t\t\t\t\t\t\t<img loading=\"lazy\" decoding=\"async\" width=\"350\" height=\"90\" src=\"https:\/\/camarapocinhos.pb.gov.br\/site\/wp-content\/uploads\/2025\/01\/esic.png\" class=\"attachment-large size-large wp-image-4716\" alt=\"\" srcset=\"https:\/\/camarapocinhos.pb.gov.br\/site\/wp-content\/uploads\/2025\/01\/esic.png 350w, https:\/\/camarapocinhos.pb.gov.br\/site\/wp-content\/uploads\/2025\/01\/esic-300x77.png 300w\" sizes=\"(max-width: 350px) 100vw, 350px\" \/>\t\t\t\t\t\t\t\t\t\t\t\t\t<\/div>\n\t\t\t\t<\/div>\n\t\t\t\t<div class=\"elementor-element elementor-element-1baed7c elementor-widget elementor-widget-image\" data-id=\"1baed7c\" data-element_type=\"widget\" data-widget_type=\"image.default\">\n\t\t\t\t<div class=\"elementor-widget-container\">\n\t\t\t\t\t\t\t\t\t\t\t\t\t<img loading=\"lazy\" decoding=\"async\" width=\"350\" height=\"90\" src=\"https:\/\/camarapocinhos.pb.gov.br\/site\/wp-content\/uploads\/2025\/01\/sessoes.png\" class=\"attachment-large size-large wp-image-4717\" alt=\"\" srcset=\"https:\/\/camarapocinhos.pb.gov.br\/site\/wp-content\/uploads\/2025\/01\/sessoes.png 350w, https:\/\/camarapocinhos.pb.gov.br\/site\/wp-content\/uploads\/2025\/01\/sessoes-300x77.png 300w\" sizes=\"(max-width: 350px) 100vw, 350px\" \/>\t\t\t\t\t\t\t\t\t\t\t\t\t<\/div>\n\t\t\t\t<\/div>\n\t\t\t\t<div class=\"elementor-element elementor-element-7239408 elementor-widget elementor-widget-image\" data-id=\"7239408\" data-element_type=\"widget\" data-widget_type=\"image.default\">\n\t\t\t\t<div class=\"elementor-widget-container\">\n\t\t\t\t\t\t\t\t\t\t\t\t\t<img loading=\"lazy\" decoding=\"async\" width=\"350\" height=\"90\" src=\"https:\/\/camarapocinhos.pb.gov.br\/site\/wp-content\/uploads\/2025\/01\/sessoes-1.png\" class=\"attachment-large size-large wp-image-4721\" alt=\"\" srcset=\"https:\/\/camarapocinhos.pb.gov.br\/site\/wp-content\/uploads\/2025\/01\/sessoes-1.png 350w, https:\/\/camarapocinhos.pb.gov.br\/site\/wp-content\/uploads\/2025\/01\/sessoes-1-300x77.png 300w\" sizes=\"(max-width: 350px) 100vw, 350px\" \/>\t\t\t\t\t\t\t\t\t\t\t\t\t<\/div>\n\t\t\t\t<\/div>\n\t\t\t\t<div class=\"elementor-element elementor-element-d527c13 elementor-widget elementor-widget-image\" data-id=\"d527c13\" data-element_type=\"widget\" data-widget_type=\"image.default\">\n\t\t\t\t<div class=\"elementor-widget-container\">\n\t\t\t\t\t\t\t\t\t\t\t\t\t<img loading=\"lazy\" decoding=\"async\" width=\"350\" height=\"90\" src=\"https:\/\/camarapocinhos.pb.gov.br\/site\/wp-content\/uploads\/2025\/01\/frota.png\" class=\"attachment-large size-large wp-image-4729\" alt=\"\" srcset=\"https:\/\/camarapocinhos.pb.gov.br\/site\/wp-content\/uploads\/2025\/01\/frota.png 350w, https:\/\/camarapocinhos.pb.gov.br\/site\/wp-content\/uploads\/2025\/01\/frota-300x77.png 300w\" sizes=\"(max-width: 350px) 100vw, 350px\" \/>\t\t\t\t\t\t\t\t\t\t\t\t\t<\/div>\n\t\t\t\t<\/div>\n\t\t\t\t<div class=\"elementor-element elementor-element-10347d6 elementor-widget elementor-widget-image\" data-id=\"10347d6\" data-element_type=\"widget\" data-widget_type=\"image.default\">\n\t\t\t\t<div class=\"elementor-widget-container\">\n\t\t\t\t\t\t\t\t\t\t\t\t\t\t<a href=\"https:\/\/museuvirtual.pocinhos.net\/\" target=\"_blank\">\n\t\t\t\t\t\t\t<img loading=\"lazy\" decoding=\"async\" width=\"751\" height=\"243\" src=\"https:\/\/camarapocinhos.pb.gov.br\/site\/wp-content\/uploads\/2025\/01\/banner-camara-1024x332.jpg\" class=\"attachment-large size-large wp-image-4722\" alt=\"\" srcset=\"https:\/\/camarapocinhos.pb.gov.br\/site\/wp-content\/uploads\/2025\/01\/banner-camara-1024x332.jpg 1024w, https:\/\/camarapocinhos.pb.gov.br\/site\/wp-content\/uploads\/2025\/01\/banner-camara-300x97.jpg 300w, https:\/\/camarapocinhos.pb.gov.br\/site\/wp-content\/uploads\/2025\/01\/banner-camara-768x249.jpg 768w, https:\/\/camarapocinhos.pb.gov.br\/site\/wp-content\/uploads\/2025\/01\/banner-camara-1536x498.jpg 1536w, https:\/\/camarapocinhos.pb.gov.br\/site\/wp-content\/uploads\/2025\/01\/banner-camara.jpg 1920w\" sizes=\"(max-width: 751px) 100vw, 751px\" \/>\t\t\t\t\t\t\t\t<\/a>\n\t\t\t\t\t\t\t\t\t\t\t\t\t<\/div>\n\t\t\t\t<\/div>\n\t\t\t\t\t<\/div>\n\t\t<\/div>\n\t\t\t\t\t<\/div>\n\t\t<\/section>\n\t\t\t\t<section class=\"elementor-section elementor-top-section elementor-element elementor-element-72fd513 elementor-section-boxed elementor-section-height-default elementor-section-height-default\" data-id=\"72fd513\" data-element_type=\"section\">\n\t\t\t\t\t\t<div class=\"elementor-container elementor-column-gap-no\">\n\t\t\t\t\t<div class=\"elementor-column elementor-col-100 elementor-top-column elementor-element elementor-element-95999b1\" data-id=\"95999b1\" data-element_type=\"column\">\n\t\t\t<div class=\"elementor-widget-wrap elementor-element-populated\">\n\t\t\t\t\t\t<div class=\"elementor-element elementor-element-9a7e6af elementor-widget elementor-widget-tnewsblogslider\" data-id=\"9a7e6af\" data-element_type=\"widget\" data-widget_type=\"tnewsblogslider.default\">\n\t\t\t\t<div class=\"elementor-widget-container\">\n\t\t\t<div class=\"row align-items-center\"><div class=\"col\"><h2 class=\"sec-title has-line th-title\">Galeria de Fotos<\/h2><\/div><div class=\"col-auto\"><div class=\"sec-btn\"><div class=\"icon-box\"><button data-slick-prev=\"#blog-slide1\" class=\"slick-arrow default\"><i class=\"far fa-arrow-left\"><\/i><\/button><button data-slick-next=\"#blog-slide1\" class=\"slick-arrow default\"><i class=\"far fa-arrow-right\"><\/i><\/button><\/div><\/div><\/div><\/div><div class=\"row th-carousel\" id=\"blog-slide1\" data-slide-show=\"4\" data-lg-slide-show=\"3\" data-md-slide-show=\"2\" data-sm-slide-show=\"2\"><div class=\"col-sm-6 col-lg-4 col-xl-3\"><div class=\"blog-style1\"><div class=\"blog-img \"><img loading=\"lazy\" decoding=\"async\" width=\"225\" height=\"187\" src=\"https:\/\/camarapocinhos.pb.gov.br\/site\/wp-content\/uploads\/2025\/01\/IMG-20250109-WA0026-225x300-1-225x187.jpg\" class=\"attachment-tnews_288X187 size-tnews_288X187 wp-post-image\" alt=\"\" \/><\/div><h3 class=\"box-title-22\"><a class=\"hover-line\" href=\"https:\/\/camarapocinhos.pb.gov.br\/site\/sessao-extraordinaria-09-10-2025\/\">Sess\u00e3o Extraordin\u00e1ria &#8211; 11\/01\/2025<\/a><\/h3><div class=\"blog-meta\"><\/div><\/div><\/div><div class=\"col-sm-6 col-lg-4 col-xl-3\"><div class=\"blog-style1\"><div class=\"blog-img \"><img loading=\"lazy\" decoding=\"async\" width=\"288\" height=\"187\" src=\"https:\/\/camarapocinhos.pb.gov.br\/site\/wp-content\/uploads\/2025\/01\/WhatsApp-Image-2021-02-26-at-00.53.39-288x187.jpeg\" class=\"attachment-tnews_288X187 size-tnews_288X187 wp-post-image\" alt=\"\" \/><\/div><h3 class=\"box-title-22\"><a class=\"hover-line\" href=\"https:\/\/camarapocinhos.pb.gov.br\/site\/3a-sessao-ordinaria-25-02-2021\/\">3\u00aa Sess\u00e3o Ordin\u00e1ria \u2013 25\/02\/2021<\/a><\/h3><div class=\"blog-meta\"><\/div><\/div><\/div><div class=\"col-sm-6 col-lg-4 col-xl-3\"><div class=\"blog-style1\"><div class=\"blog-img \"><img loading=\"lazy\" decoding=\"async\" width=\"288\" height=\"187\" src=\"https:\/\/camarapocinhos.pb.gov.br\/site\/wp-content\/uploads\/2025\/01\/WhatsApp-Image-2021-02-12-at-14.17.51-288x187.jpeg\" class=\"attachment-tnews_288X187 size-tnews_288X187 wp-post-image\" alt=\"\" \/><\/div><h3 class=\"box-title-22\"><a class=\"hover-line\" href=\"https:\/\/camarapocinhos.pb.gov.br\/site\/2a-sessao-ordinaria-11-02-2021\/\">2\u00aa Sess\u00e3o Ordin\u00e1ria \u2013 11\/02\/2021<\/a><\/h3><div class=\"blog-meta\"><\/div><\/div><\/div><div class=\"col-sm-6 col-lg-4 col-xl-3\"><div class=\"blog-style1\"><div class=\"blog-img \"><img loading=\"lazy\" decoding=\"async\" width=\"288\" height=\"187\" src=\"https:\/\/camarapocinhos.pb.gov.br\/site\/wp-content\/uploads\/2025\/01\/MG_3521-1-288x187.jpg\" class=\"attachment-tnews_288X187 size-tnews_288X187 wp-post-image\" alt=\"\" \/><\/div><h3 class=\"box-title-22\"><a class=\"hover-line\" href=\"https:\/\/camarapocinhos.pb.gov.br\/site\/1a-sessao-ordinaria-04-02-2021\/\">1\u00aa Sess\u00e3o Ordin\u00e1ria \u2013 04\/02\/2021<\/a><\/h3><div class=\"blog-meta\"><\/div><\/div><\/div><div class=\"col-sm-6 col-lg-4 col-xl-3\"><div class=\"blog-style1\"><div class=\"blog-img \"><img loading=\"lazy\" decoding=\"async\" width=\"288\" height=\"187\" src=\"https:\/\/camarapocinhos.pb.gov.br\/site\/wp-content\/uploads\/2025\/01\/IMG_0574-288x187.jpg\" class=\"attachment-tnews_288X187 size-tnews_288X187 wp-post-image\" alt=\"\" \/><\/div><h3 class=\"box-title-22\"><a class=\"hover-line\" href=\"https:\/\/camarapocinhos.pb.gov.br\/site\/sessao-extraordinaria-18-01-2021\/\">Sess\u00e3o Extraordin\u00e1ria \u2013 18\/01\/2021<\/a><\/h3><div class=\"blog-meta\"><\/div><\/div><\/div><div class=\"col-sm-6 col-lg-4 col-xl-3\"><div class=\"blog-style1\"><div class=\"blog-img \"><img loading=\"lazy\" decoding=\"async\" width=\"288\" height=\"187\" src=\"https:\/\/camarapocinhos.pb.gov.br\/site\/wp-content\/uploads\/2025\/01\/WhatsApp-Image-2021-01-14-at-19.46.56-2-288x187.jpeg\" class=\"attachment-tnews_288X187 size-tnews_288X187 wp-post-image\" alt=\"\" \/><\/div><h3 class=\"box-title-22\"><a class=\"hover-line\" href=\"https:\/\/camarapocinhos.pb.gov.br\/site\/sessao-extraordinaria-14-01-2021\/\">Sess\u00e3o Extraordin\u00e1ria \u2013 14\/01\/2021<\/a><\/h3><div class=\"blog-meta\"><\/div><\/div><\/div><\/div>\t\t<\/div>\n\t\t\t\t<\/div>\n\t\t\t\t\t<\/div>\n\t\t<\/div>\n\t\t\t\t\t<\/div>\n\t\t<\/section>\n\t\t\t\t<\/div>\n\t\t","protected":false},"excerpt":{"rendered":"<p>C\u00e2mara Municipal celebra conquista de \u00f4nibus escolar para Pocinhos Batista de Dema \u00e9 eleito, por unanimidade, presidente da C\u00e2mara Municipal de Pocinhos C\u00e2mara Municipal d\u00e1 posse aos Vereadores, Prefeita e Vice-prefeito de Pocinhos eleitos para o Quadri\u00eanio 2025-2028 C\u00e2mara Municipal de Pocinhos realiza sess\u00e3o ordin\u00e1ria na tarde desta segunda-feira Duda Menezes anuncia aquisi\u00e7\u00e3o de nova&#8230;<\/p>\n","protected":false},"author":1,"featured_media":0,"parent":0,"menu_order":0,"comment_status":"closed","ping_status":"closed","template":"template-builder.php","meta":{"footnotes":""},"class_list":["post-86","page","type-page","status-publish","hentry","th-blog blog-single has-post-thumbnail"],"_links":{"self":[{"href":"https:\/\/camarapocinhos.pb.gov.br\/site\/wp-json\/wp\/v2\/pages\/86","targetHints":{"allow":["GET"]}}],"collection":[{"href":"https:\/\/camarapocinhos.pb.gov.br\/site\/wp-json\/wp\/v2\/pages"}],"about":[{"href":"https:\/\/camarapocinhos.pb.gov.br\/site\/wp-json\/wp\/v2\/types\/page"}],"author":[{"embeddable":true,"href":"https:\/\/camarapocinhos.pb.gov.br\/site\/wp-json\/wp\/v2\/users\/1"}],"replies":[{"embeddable":true,"href":"https:\/\/camarapocinhos.pb.gov.br\/site\/wp-json\/wp\/v2\/comments?post=86"}],"version-history":[{"count":88,"href":"https:\/\/camarapocinhos.pb.gov.br\/site\/wp-json\/wp\/v2\/pages\/86\/revisions"}],"predecessor-version":[{"id":5540,"href":"https:\/\/camarapocinhos.pb.gov.br\/site\/wp-json\/wp\/v2\/pages\/86\/revisions\/5540"}],"wp:attachment":[{"href":"https:\/\/camarapocinhos.pb.gov.br\/site\/wp-json\/wp\/v2\/media?parent=86"}],"curies":[{"name":"wp","href":"https:\/\/api.w.org\/{rel}","templated":true}]}}